{"id":58,"date":"2024-12-12T18:42:36","date_gmt":"2024-12-12T18:42:36","guid":{"rendered":"http:\/\/capfiscalmexico.com.mx\/dip-qro-tol-slp\/?page_id=58"},"modified":"2025-11-14T00:16:27","modified_gmt":"2025-11-14T00:16:27","slug":"temario","status":"publish","type":"page","link":"http:\/\/capfiscalmexico.com.mx\/dip-qro-tol-slp\/temario\/","title":{"rendered":"Temario"},"content":{"rendered":"\n<div class=\"wp-block-group is-vertical is-content-justification-center is-layout-flex wp-container-core-group-is-layout-d60e23ab wp-block-group-is-layout-flex\" style=\"margin-top:0;margin-bottom:0\">\n<div class=\"wp-block-group is-layout-flow wp-container-core-group-is-layout-14a944f6 wp-block-group-is-layout-flow\" style=\"margin-top:var(--wp--preset--spacing--40);margin-bottom:var(--wp--preset--spacing--40);padding-right:var(--wp--preset--spacing--50);padding-left:var(--wp--preset--spacing--50)\">\n<div id=\"resolucion-miscelanea-fiscal-2025\" class=\"wp-block-group is-vertical is-layout-flex wp-container-core-group-is-layout-976f80c6 wp-block-group-is-layout-flex\" style=\"margin-top:0;margin-bottom:0;padding-top:0;padding-right:0;padding-bottom:var(--wp--preset--spacing--60);padding-left:0\">\n<h2 class=\"wp-block-heading\">1. RESOLUCI\u00d3N MISCEL\u00c1NEA FISCAL 2026<\/h2>\n\n\n\n<hr class=\"wp-block-separator has-text-color has-tertiary-color has-alpha-channel-opacity has-tertiary-background-color has-background\"\/>\n\n\n\n<p class=\"has-tertiary-color has-text-color has-link-color wp-elements-f3933fcfe70fe3177e66e4961d248134\"><a href=\"http:\/\/capfiscalmexico.com.mx\/dip-qro-tol-slp\/expositores\/#ecm\" data-type=\"page\" data-id=\"43\"><strong>C.P. ENRIQUE CORONA MENDOZA<\/strong><\/a><\/p>\n\n\n\n<ol class=\"wp-block-list has-foreground-color has-text-color has-link-color wp-elements-51c0688c7724389f01fc405bf54635f3\">\n<li>Disposiciones Generales.<\/li>\n\n\n\n<li>C\u00f3digo Fiscal de la Federaci\u00f3n.<\/li>\n\n\n\n<li>Impuesto Sobre la Renta.<\/li>\n\n\n\n<li>Impuesto al Valor Agregado.<\/li>\n\n\n\n<li>Impuesto Especial sobre producci\u00f3n y Servicios.<\/li>\n\n\n\n<li>Otras Disposiciones Relevantes.<\/li>\n<\/ol>\n<\/div>\n\n\n\n<div id=\"cfdi\" class=\"wp-block-group is-vertical is-layout-flex wp-container-core-group-is-layout-976f80c6 wp-block-group-is-layout-flex\" style=\"margin-top:0;margin-bottom:0;padding-top:0;padding-right:0;padding-bottom:var(--wp--preset--spacing--60);padding-left:0\">\n<h2 class=\"wp-block-heading\">2. CFDI<\/h2>\n\n\n\n<hr class=\"wp-block-separator has-text-color has-tertiary-color has-alpha-channel-opacity has-tertiary-background-color has-background\"\/>\n\n\n\n<p class=\"has-tertiary-color has-text-color has-link-color wp-elements-f0006919aeebd53dc24842e0a3286871\"><a href=\"http:\/\/capfiscalmexico.com.mx\/dip-qro-tol-slp\/expositores\/#egr\" data-type=\"page\" data-id=\"43\"><strong>L.C. EMMANUEL GUERRERO ROMERO<\/strong><\/a><\/p>\n\n\n\n<ol class=\"wp-block-list has-foreground-color has-text-color has-link-color wp-elements-28bd8c7ee63745c7f73fa784e7f05762\">\n<li>Tipos de CFDI.\n<ul class=\"wp-block-list\">\n<li>Ingreso.<\/li>\n\n\n\n<li>Egreso.<\/li>\n\n\n\n<li>Traslado.<\/li>\n\n\n\n<li>Nomina.<\/li>\n\n\n\n<li>Pago.<\/li>\n\n\n\n<li>Configuraci\u00f3n de nodos y complementos principales.<\/li>\n<\/ul>\n<\/li>\n\n\n\n<li>CFDI de ingreso (Factura, Recibos de honorarios, entre otros).\n<ul class=\"wp-block-list\">\n<li>Importancia del R\u00e9gimen Fiscal.<\/li>\n\n\n\n<li>Uso de los CFDI.<\/li>\n\n\n\n<li>Cat\u00e1logo de las claves del SAT.<\/li>\n\n\n\n<li>Aplicaci\u00f3n del IVA (Exento, tasa 0 y no objeto).<\/li>\n\n\n\n<li>Forma y m\u00e9todo de pago.<\/li>\n\n\n\n<li>Factura con el p\u00fablico en general (global).<\/li>\n\n\n\n<li>Comentarios de los complementos.<\/li>\n<\/ul>\n<\/li>\n\n\n\n<li>CFDI de Egreso (Notas de Cr\u00e9dito).\n<ul class=\"wp-block-list\">\n<li>Aplicaci\u00f3n de los descuentos, rebajas o devoluciones).<\/li>\n\n\n\n<li>Requisitos del CFF.<\/li>\n\n\n\n<li>Ejemplos de timbrado.<\/li>\n<\/ul>\n<\/li>\n\n\n\n<li>CFDI de Pago (Recibo Electr\u00f3nico de pago o Complemento de pago).\n<ul class=\"wp-block-list\">\n<li>Informaci\u00f3n Opcional y Obligatoria<\/li>\n\n\n\n<li>Aplicaciones con Notas de Cr\u00e9dito<\/li>\n\n\n\n<li>Cuidado con los n\u00fameros de parcialidades<\/li>\n\n\n\n<li>Verificaci\u00f3n de las facturas pagadas o cobradas<\/li>\n<\/ul>\n<\/li>\n\n\n\n<li>Comentarios de la cancelaci\u00f3n de facturas y correcta aplicaci\u00f3n.<\/li>\n\n\n\n<li>Configuraci\u00f3n de la p\u00e1gina del SAT para tener todas las opciones visibles.<\/li>\n\n\n\n<li>Ejemplos con otros programas para facturar.<\/li>\n\n\n\n<li>Programas para descargar y llevar el control de los CFDI recibidos y emitidos.<\/li>\n<\/ol>\n<\/div>\n\n\n\n<div id=\"contabilidad-electronica\" class=\"wp-block-group is-vertical is-layout-flex wp-container-core-group-is-layout-976f80c6 wp-block-group-is-layout-flex\" style=\"margin-top:0;margin-bottom:0;padding-top:0;padding-right:0;padding-bottom:var(--wp--preset--spacing--60);padding-left:0\">\n<h2 class=\"wp-block-heading\">3. CONTABILIDAD ELECTR\u00d3NICA<\/h2>\n\n\n\n<p style=\"padding-top:1vh;padding-bottom:1vh\">(PREVENCI\u00d3N DE MULTAS)<\/p>\n\n\n\n<hr class=\"wp-block-separator has-text-color has-tertiary-color has-alpha-channel-opacity has-tertiary-background-color has-background\"\/>\n\n\n\n<p class=\"has-tertiary-color has-text-color has-link-color wp-elements-9204b14c621b498907bc6b41e88970b3\"><a href=\"http:\/\/capfiscalmexico.com.mx\/dip-qro-tol-slp\/expositores\/#rtb\" data-type=\"page\" data-id=\"43\"><strong>L.C.Y L.I. RUB\u00c9N TORRES BEN\u00cdTEZ<\/strong><\/a><\/p>\n\n\n\n<ol class=\"wp-block-list has-foreground-color has-text-color has-link-color wp-elements-7dd9a5ab5d4c2fd6124030758ac13c41\">\n<li>Integraci\u00f3n general de la contabilidad.\n<ul class=\"wp-block-list\">\n<li>Requisitos del C\u00f3digo Fiscal de la Federaci\u00f3n.<\/li>\n\n\n\n<li>Requisitos del Reglamento del C\u00f3digo Fiscal de la Federaci\u00f3n.<\/li>\n<\/ul>\n<\/li>\n\n\n\n<li>Plazos de conservaci\u00f3n de la contabilidad.<\/li>\n\n\n\n<li>Presentaci\u00f3n de la contabilidad al SAT.\n<ul class=\"wp-block-list\">\n<li>Cat\u00e1logo de cuentas.<\/li>\n\n\n\n<li>Balanza de comprobaci\u00f3n.<\/li>\n<\/ul>\n<\/li>\n\n\n\n<li>Revisiones electr\u00f3nicas.\n<ul class=\"wp-block-list\">\n<li>Comentarios para la correcta agrupaci\u00f3n.<\/li>\n<\/ul>\n<\/li>\n\n\n\n<li>Sanciones y multas 2025.\n<ul class=\"wp-block-list\">\n<li>Plazos de requerimiento.<\/li>\n<\/ul>\n<\/li>\n\n\n\n<li>Revisi\u00f3n de la contabilidad enviada al SAT.\n<ul class=\"wp-block-list\">\n<li>Ejemplos de errores de c\u00f3digos agrupadores.<\/li>\n\n\n\n<li>Balanza de cierre (Mes 13).<\/li>\n\n\n\n<li>Asientos contables y cruce con la Declaraci\u00f3n anual.<\/li>\n\n\n\n<li>Cuentas de orden.<\/li>\n<\/ul>\n<\/li>\n\n\n\n<li>Requerimientos de informaci\u00f3n del SAT.\n<ul class=\"wp-block-list\">\n<li>P\u00f3lizas.<\/li>\n\n\n\n<li>Auxiliares de folios de comprobantes fiscales.<\/li>\n\n\n\n<li>Auxiliares de cuenta.<\/li>\n<\/ul>\n<\/li>\n<\/ol>\n<\/div>\n\n\n\n<div id=\"topicos-del-imss\" class=\"wp-block-group is-vertical is-layout-flex wp-container-core-group-is-layout-976f80c6 wp-block-group-is-layout-flex\" style=\"margin-top:0;margin-bottom:0;padding-top:0;padding-right:0;padding-bottom:var(--wp--preset--spacing--60);padding-left:0\">\n<h2 class=\"wp-block-heading\">4. T\u00d3PICOS DEL IMSS<\/h2>\n\n\n\n<hr class=\"wp-block-separator has-text-color has-tertiary-color has-alpha-channel-opacity has-tertiary-background-color has-background\"\/>\n\n\n\n<p class=\"has-tertiary-color has-text-color has-link-color wp-elements-97807f1f4210382d05d1e85d5a85b957\"><a href=\"http:\/\/capfiscalmexico.com.mx\/dip-qro-tol-slp\/expositores\/#fmrp\" data-type=\"page\" data-id=\"43\"><strong>MTRO. FRANCISCO MANGLIO RAMOS PONCE<\/strong><\/a><\/p>\n\n\n\n<ol class=\"wp-block-list has-foreground-color has-text-color has-link-color wp-elements-5787d4bd0d42eee0e8991c37eca31778\">\n<li>Antecedentes.<\/li>\n\n\n\n<li>Cumplimiento y objetivo de la seguridad social.<\/li>\n\n\n\n<li>Disposiciones en torno al IMSS y reg\u00edmenes de aseguramiento obligatorio y voluntario.<\/li>\n\n\n\n<li>Principales modificaciones a la Ley de Seguro Social.\n<ul class=\"wp-block-list\">\n<li>Importancia del Buz\u00f3n IMSS.<\/li>\n<\/ul>\n<\/li>\n\n\n\n<li>El IMSS, como autoridad fiscal aut\u00f3noma.\n<ul class=\"wp-block-list\">\n<li>Facultades de comprobaci\u00f3n y de gesti\u00f3n de las autoridades fiscales.<\/li>\n\n\n\n<li>Car\u00e1cter de las cuotas obrero patronales.<\/li>\n\n\n\n<li>Facultades de comprobaci\u00f3n y de gesti\u00f3n de las autoridades fiscales.<\/li>\n<\/ul>\n<\/li>\n\n\n\n<li>Obligaciones Patronales.\n<ul class=\"wp-block-list\">\n<li>Alcance legal de la modificaci\u00f3n del art\u00edculo 15 en cuanto a su denominaci\u00f3n.<\/li>\n\n\n\n<li>Los empleadores est\u00e1n obligados a dar altas, bajas y modificaciones de salario.<\/li>\n\n\n\n<li>Importancia y repercusi\u00f3n legal de la aplicaci\u00f3n del art\u00edculo 15 en sus distintas fracciones.<\/li>\n<\/ul>\n<\/li>\n\n\n\n<li>Determinaci\u00f3n del salario base cotizaci\u00f3n como elemento fundamental en el pago de cuotas obreros patronales y otorgamiento de prestaciones en dinero para el trabajado sus beneficiarios en caso de fallecimiento.\n<ul class=\"wp-block-list\">\n<li>Conceptos que integran el SBC y limitantes.<\/li>\n\n\n\n<li>Salario m\u00ednimo general, profesional, fijo, variable, mixto, jornada reducida, semana reducida topado.<\/li>\n\n\n\n<li>Nuevo criterio IMSS en materia de alimentaci\u00f3n y habitaci\u00f3n.<\/li>\n\n\n\n<li>Las vacaciones y sus distintas modalidades en la LSS.<\/li>\n\n\n\n<li>El delito de trata de personas en su modalidad de \u201cexplotaci\u00f3n laboral\u201d por laborar tiempo extraordinario, por jornada excesiva.<\/li>\n\n\n\n<li>Reglas para cotizar ausentismo y su repercusi\u00f3n en la Estructura Jur\u00eddica Organizativa de las Empresas.<\/li>\n\n\n\n<li>Determinaci\u00f3n y entero de cuotas obrero patronales.<\/li>\n\n\n\n<li>Aclaraciones Administrativas.<\/li>\n\n\n\n<li>Implicaci\u00f3n en la empresa de la auto correcci\u00f3n patronal.<\/li>\n\n\n\n<li>Documentos a preservar en materia de seguridad social.<\/li>\n\n\n\n<li>Sanciones en materia de seguridad social.<\/li>\n<\/ul>\n<\/li>\n\n\n\n<li>Multas, IMSS, INFONAVIT.\n<ul class=\"wp-block-list\">\n<li>Capitales Constitutivos y cuando se origina.<\/li>\n\n\n\n<li>Los casos m\u00e1s reiterativos por los que el Seguro Social finca un capital constitutivo.<\/li>\n\n\n\n<li>Las prestaciones conforman el capital constitutivo derivado de un RT y c\u00f3mo se cuantifica el monto de este.<\/li>\n\n\n\n<li>Las situaciones de modo, tiempo y lugar deben detallarse en el capital constitutivo para interponer el medio de defensa.<\/li>\n\n\n\n<li>Estrategias para la Autocorrecci\u00f3n Patronal por incorrecta determinaci\u00f3n del Salario Base de Cotizaci\u00f3n o de Prima de Riesgo de trabajo.<\/li>\n\n\n\n<li>La inspecci\u00f3n laboral y su repercusi\u00f3n para los empleadores en materia de seguridad social.<\/li>\n<\/ul>\n<\/li>\n\n\n\n<li>Riesgo de Trabajo.\n<ul class=\"wp-block-list\">\n<li>Base legal.<\/li>\n\n\n\n<li>Definiciones.<\/li>\n\n\n\n<li>Principales derechos al trabajador por el Riesgo de Trabajo.<\/li>\n\n\n\n<li>Prestaciones en especie y en dinero.<\/li>\n\n\n\n<li>Incapacidades, temporal, permanente parcial, reca\u00eddas permanente total.<\/li>\n\n\n\n<li>Fallecimiento a causa del Riesgo de Trabajo.<\/li>\n\n\n\n<li>El riesgo de trabajo a consecuencia de un acto delincuencial o desaparici\u00f3n forzada y su implicaci\u00f3n social y financiera para la empresa.<\/li>\n\n\n\n<li>Alternativa financiera para la empresa en la desaparici\u00f3n forzada del trabajador derivada de un acto delincuencial en materia de Riesgos de Trabajo.<\/li>\n\n\n\n<li>Pensi\u00f3n de viudez, orfandad, doble orfandad.<\/li>\n\n\n\n<li>Repercusi\u00f3n financiera en la prima de riesgo de trabajo.<\/li>\n\n\n\n<li>Importancia del llenado del formato ST-7 y ST-9.<\/li>\n\n\n\n<li>Controles de incapacidades.<\/li>\n\n\n\n<li>C\u00e1lculo de la siniestralidad laboral.<\/li>\n\n\n\n<li>Principales criterios emitidos en materia de Riesgos de Trabajo<\/li>\n<\/ul>\n<\/li>\n\n\n\n<li>Seguro de enfermedades y maternidad.\n<ul class=\"wp-block-list\">\n<li>Prestaciones en especie y en dinero.<\/li>\n\n\n\n<li>Tratamiento de incapacidad por maternidad.<\/li>\n\n\n\n<li>Condicionantes para gozar de las prestaciones del seguro de enfermedades y maternidad.<\/li>\n\n\n\n<li>Reglas para emitir certificados de incapacidad.<\/li>\n\n\n\n<li>Incapacidades por partos prematuros.<\/li>\n\n\n\n<li>Salario Base de Cotizaci\u00f3n para pago de subsidios IMSS.<\/li>\n<\/ul>\n<\/li>\n\n\n\n<li>Seguro de invalidez y vida.\n<ul class=\"wp-block-list\">\n<li>Riesgos que protege.<\/li>\n\n\n\n<li>Prestaciones en especie y en dinero.<\/li>\n\n\n\n<li>Motivo de suspensi\u00f3n del pago de pensiones por invalidez.<\/li>\n\n\n\n<li>Monto de la pensi\u00f3n y su determinaci\u00f3n.<\/li>\n\n\n\n<li>Monto m\u00ednimo de la pensi\u00f3n de Invalidez.<\/li>\n\n\n\n<li>Pensi\u00f3n de viudez y orfandad.<\/li>\n<\/ul>\n<\/li>\n\n\n\n<li>Principales reformas y modificaciones al r\u00e9gimen pensionario.\n<ul class=\"wp-block-list\">\n<li>Requisitos Ley 73 y 97.<\/li>\n\n\n\n<li>Incremento en el pago en cuotas patronales.<\/li>\n\n\n\n<li>Pensi\u00f3n garantizada.<\/li>\n<\/ul>\n<\/li>\n\n\n\n<li>Seguro de retiro en edad avanzada y vejez.\n<ul class=\"wp-block-list\">\n<li>Prestaciones en especie.<\/li>\n\n\n\n<li>Prestaciones en dinero.<\/li>\n\n\n\n<li>Monto de la pensi\u00f3n y su determinaci\u00f3n.<\/li>\n\n\n\n<li>Supuestos por los que no se tiene derecho a la pensi\u00f3n por invalidez.<\/li>\n\n\n\n<li>Comprobaci\u00f3n del estado de Invalidez por el IMSS.<\/li>\n<\/ul>\n<\/li>\n\n\n\n<li>Modalidad 40 y su importancia en la calidad de las pensiones.<\/li>\n\n\n\n<li>Principales medios de defensa en materia de Seguridad Social.<\/li>\n<\/ol>\n<\/div>\n\n\n\n<div id=\"relaciones--laborales\" class=\"wp-block-group is-vertical is-layout-flex wp-container-core-group-is-layout-976f80c6 wp-block-group-is-layout-flex\" style=\"margin-top:0;margin-bottom:0;padding-top:0;padding-right:0;padding-bottom:var(--wp--preset--spacing--60);padding-left:0\">\n<h2 class=\"wp-block-heading\">5. RELACIONES LABORALES<\/h2>\n\n\n\n<hr class=\"wp-block-separator has-text-color has-tertiary-color has-alpha-channel-opacity has-tertiary-background-color has-background\"\/>\n\n\n\n<p class=\"has-tertiary-color has-text-color has-link-color wp-elements-39ee6c378e08bc11900b0bc0709e7d08\"><strong>&#8212;<\/strong><\/p>\n\n\n\n<ol class=\"wp-block-list has-foreground-color has-text-color has-link-color wp-elements-19018897e909d817791ee00a6dc65b81\">\n<li>Inicio de la relaci\u00f3n laboral.\n<ul class=\"wp-block-list\">\n<li>Entrevista.<\/li>\n\n\n\n<li>Modalidades de contrataci\u00f3n sujetas a un per\u00edodo de prueba y capacitaci\u00f3n inicial.<\/li>\n\n\n\n<li>Contrataci\u00f3n y tipos de contrato.<\/li>\n<\/ul>\n<\/li>\n\n\n\n<li>Desarrollo de la relaci\u00f3n laboral.\n<ul class=\"wp-block-list\">\n<li>Prestaciones.<\/li>\n\n\n\n<li>Incapacidades.<\/li>\n<\/ul>\n<\/li>\n\n\n\n<li>Terminaci\u00f3n laboral.\n<ul class=\"wp-block-list\">\n<li>Renuncia.<\/li>\n\n\n\n<li>Despido: justificado e injustificado.<\/li>\n<\/ul>\n<\/li>\n<\/ol>\n<\/div>\n\n\n\n<div id=\"reformas-a-la-ley-antilavado\" class=\"wp-block-group is-vertical is-layout-flex wp-container-core-group-is-layout-976f80c6 wp-block-group-is-layout-flex\" style=\"margin-top:0;margin-bottom:0;padding-top:0;padding-right:0;padding-bottom:var(--wp--preset--spacing--60);padding-left:0\">\n<h2 class=\"wp-block-heading\">6. REFORMAS A LA LEY ANTILAVADO<\/h2>\n\n\n\n<hr class=\"wp-block-separator has-text-color has-tertiary-color has-alpha-channel-opacity has-tertiary-background-color has-background\"\/>\n\n\n\n<p class=\"has-tertiary-color has-text-color has-link-color wp-elements-8fc57275b07736b7114a6f4180a1968c\"><strong><a href=\"http:\/\/capfiscalmexico.com.mx\/dip-qro-tol-slp\/expositores\/#aml\" data-type=\"page\" data-id=\"43\">MTRO. ANTONIO MONREAL LUNA<\/a><\/strong><\/p>\n\n\n\n<ol class=\"wp-block-list has-foreground-color has-text-color has-link-color wp-elements-c66ba4c2678ee9e2c8e903dc463f9ad2\">\n<li>Antecedentes y disposiciones generales de la Ley Federal para la Prevenci\u00f3n e Identificaci\u00f3n de Operaciones con Recursos de Procedencia Il\u00edcita (LFPIORPI).<\/li>\n\n\n\n<li>Reformas a la LFPIORPI.<\/li>\n\n\n\n<li>Actividades vulnerables.<\/li>\n\n\n\n<li>Obligaciones de los sujetos obligados.<\/li>\n\n\n\n<li>Procedimiento de verificaci\u00f3n.<\/li>\n\n\n\n<li>Procedimiento sancionatorio.<\/li>\n\n\n\n<li>Infracciones y sanciones.<\/li>\n\n\n\n<li>Derechos y garant\u00edas de los presuntos infractores.<\/li>\n\n\n\n<li>Medios legales de defensa.<\/li>\n<\/ol>\n<\/div>\n\n\n\n<div id=\"codigo-fiscal-de-la-federacion\" class=\"wp-block-group is-vertical is-layout-flex wp-container-core-group-is-layout-976f80c6 wp-block-group-is-layout-flex\" style=\"margin-top:0;margin-bottom:0;padding-top:0;padding-right:0;padding-bottom:var(--wp--preset--spacing--60);padding-left:0\">\n<h2 class=\"wp-block-heading\">7. C\u00d3DIGO FISCAL DE LA FEDERACI\u00d3N<\/h2>\n\n\n\n<hr class=\"wp-block-separator has-text-color has-tertiary-color has-alpha-channel-opacity has-tertiary-background-color has-background\"\/>\n\n\n\n<p class=\"has-tertiary-color has-text-color has-link-color wp-elements-2c3d37e6dbc22e314f34dcb47638d8c7\"><strong><a href=\"http:\/\/capfiscalmexico.com.mx\/dip-qro-tol-slp\/expositores\/#jlcs\" data-type=\"page\" data-id=\"43\">DR. JUAN LUIS CRUZ SANTOS<\/a><\/strong><\/p>\n\n\n\n<ol class=\"wp-block-list has-foreground-color has-text-color has-link-color wp-elements-8d7676276125cf9a94697c2fdbbb726a\">\n<li>Alcances legales del CFF.<\/li>\n\n\n\n<li>Relaci\u00f3n jur\u00eddica entre autoridad fiscal y contribuyentes.<\/li>\n\n\n\n<li>Causaci\u00f3n de contribuciones.<\/li>\n\n\n\n<li>Cancelaci\u00f3n y suspensi\u00f3n temporal de certificados de sello digital.<\/li>\n\n\n\n<li>Suspensi\u00f3n y cancelaci\u00f3n del RFC.<\/li>\n\n\n\n<li>Facturas falsas\n<ul class=\"wp-block-list\">\n<li>Fiscalizaci\u00f3n.<\/li>\n\n\n\n<li>Rechazo de deducciones y acreditamientos.<\/li>\n\n\n\n<li>Acciones penales.<\/li>\n<\/ul>\n<\/li>\n\n\n\n<li>Reconsideraci\u00f3n administrativa.<\/li>\n\n\n\n<li>Recursos de revocaci\u00f3n.\n<ul class=\"wp-block-list\">\n<li>Causales de improcedencia.<\/li>\n\n\n\n<li>No suspensi\u00f3n del procedimiento administrativo de ejecuci\u00f3n.<\/li>\n<\/ul>\n<\/li>\n\n\n\n<li>Garant\u00eda del inter\u00e9s fiscal.<\/li>\n<\/ol>\n<\/div>\n\n\n\n<div id=\"declaracion-anual-de-las-personas-morales\" class=\"wp-block-group is-vertical is-layout-flex wp-container-core-group-is-layout-976f80c6 wp-block-group-is-layout-flex\" style=\"margin-top:0;margin-bottom:0;padding-top:0;padding-right:0;padding-bottom:var(--wp--preset--spacing--60);padding-left:0\">\n<h2 class=\"wp-block-heading\">8. DECLARACI\u00d3N ANUAL DE LAS PERSONAS MORALES<\/h2>\n\n\n\n<hr class=\"wp-block-separator has-text-color has-tertiary-color has-alpha-channel-opacity has-tertiary-background-color has-background\"\/>\n\n\n\n<p class=\"has-tertiary-color has-text-color has-link-color wp-elements-daa91d41ce1902ae160f21435b52811f\"><a href=\"http:\/\/capfiscalmexico.com.mx\/dip-qro-tol-slp\/expositores\/#fgl\" data-type=\"page\" data-id=\"43\"><strong>L.C.P. FERNANDO GONZ\u00c1LEZ L\u00d3PEZ<\/strong><\/a><\/p>\n\n\n\n<ol class=\"wp-block-list has-foreground-color has-text-color has-link-color wp-elements-f7177d4e8731d5218875e8da85b91ee5\">\n<li>R\u00e9gimen general.\n<ul class=\"wp-block-list\">\n<li>Ingresos.<\/li>\n\n\n\n<li>Gastos.\n<ul class=\"wp-block-list\">\n<li>Salarios, vi\u00e1ticos.<\/li>\n\n\n\n<li>Retenciones.<\/li>\n<\/ul>\n<\/li>\n\n\n\n<li>Deducci\u00f3n de Inversiones.<\/li>\n\n\n\n<li>Costo de ventas.<\/li>\n\n\n\n<li>P\u00e9rdidas fiscales.<\/li>\n\n\n\n<li>PTU.<\/li>\n\n\n\n<li>Coeficiente de utilidad.<\/li>\n\n\n\n<li>Utilidad fiscal.<\/li>\n\n\n\n<li>Recuperaci\u00f3n de siniestros.<\/li>\n\n\n\n<li>Emisi\u00f3n de comprobantes.<\/li>\n\n\n\n<li>Cancelaci\u00f3n de CFDI.<\/li>\n\n\n\n<li>Estados financieros.<\/li>\n\n\n\n<li>CUFIN, CUCA.<\/li>\n\n\n\n<li>Reducci\u00f3n de capital.<\/li>\n\n\n\n<li>Dividendos.<\/li>\n\n\n\n<li>Enajenaci\u00f3n de acciones.<\/li>\n\n\n\n<li>Pagos al extranjero.<\/li>\n<\/ul>\n<\/li>\n\n\n\n<li>RESICOS.\n<ol style=\"list-style-type:lower-alpha\" class=\"wp-block-list\">\n<li>Ingresos.<\/li>\n\n\n\n<li>Gastos.<\/li>\n\n\n\n<li>Anticipos de rendimientos.<\/li>\n\n\n\n<li>Deducci\u00f3n de inversiones.<\/li>\n\n\n\n<li>Emisi\u00f3n del CFDI.<\/li>\n\n\n\n<li>Cancelaci\u00f3n de CFDI.<\/li>\n\n\n\n<li>CUFIN, CUCA.<\/li>\n<\/ol>\n<\/li>\n\n\n\n<li>Visores.<\/li>\n\n\n\n<li>Papeles de trabajo.<\/li>\n<\/ol>\n<\/div>\n\n\n\n<div id=\"declaraci\u00f3n-anual-de-las-personas-fisicas\" class=\"wp-block-group is-vertical is-layout-flex wp-container-core-group-is-layout-976f80c6 wp-block-group-is-layout-flex\" style=\"margin-top:0;margin-bottom:0;padding-top:0;padding-right:0;padding-bottom:var(--wp--preset--spacing--60);padding-left:0\">\n<h2 class=\"wp-block-heading\">9. DECLARACI\u00d3N ANUAL DE LAS PERSONAS F\u00cdSICAS<\/h2>\n\n\n\n<hr class=\"wp-block-separator has-text-color has-tertiary-color has-alpha-channel-opacity has-tertiary-background-color has-background\"\/>\n\n\n\n<p class=\"has-tertiary-color has-text-color has-link-color wp-elements-8da96e2b889c816e161c5fabf706a2bf\"><a href=\"http:\/\/capfiscalmexico.com.mx\/dip-qro-tol-slp\/expositores\/#jgml\" data-type=\"page\" data-id=\"43\"><strong>DR. JUAN GABRIEL MU\u00d1OZ L\u00d3PEZ<\/strong><\/a><\/p>\n\n\n\n<ol class=\"wp-block-list has-foreground-color has-text-color has-link-color wp-elements-ad2a92019a18b4b4c8eb5799cac9f97b\">\n<li>Personas f\u00edsicas empresarias.\n<ul class=\"wp-block-list\">\n<li>Disposiciones generales.<\/li>\n\n\n\n<li>Ingresos por actividades empresariales (R\u00e9gimen general).<\/li>\n\n\n\n<li>R\u00e9gimen Simplificado de Confianza.<\/li>\n\n\n\n<li>Ingresos obtenidos en plataformas digitales.<\/li>\n<\/ul>\n<\/li>\n\n\n\n<li>Personas f\u00edsicas no empresarias.\n<ul class=\"wp-block-list\">\n<li>Ingresos por servicios profesionales (Honorarios).<\/li>\n\n\n\n<li>Ingresos por salarios y asimilados a salarios.<\/li>\n\n\n\n<li>Ingresos por el otorgamiento del uso o goce temporal de bienes inmuebles (Casa habitaci\u00f3n y local comercial).<\/li>\n\n\n\n<li>Ingresos por enajenaci\u00f3n de bienes.<\/li>\n\n\n\n<li>Ingresos por adquisici\u00f3n de bienes.<\/li>\n\n\n\n<li>Ingresos por intereses.<\/li>\n\n\n\n<li>Ingresos por premios obtenidos.<\/li>\n\n\n\n<li>Ingresos por dividendos y en general por las ganancias distribuidas por personas morales.<\/li>\n\n\n\n<li>Otros ingresos.<\/li>\n<\/ul>\n<\/li>\n\n\n\n<li>Declaraci\u00f3n anual.\n<ul class=\"wp-block-list\">\n<li>Determinaci\u00f3n del ISR anual con ingresos de varios capitulos.<\/li>\n\n\n\n<li>Datos informativos obligatorios en la declaraci\u00f3n anual.<\/li>\n\n\n\n<li>Deducciones personales.<\/li>\n\n\n\n<li>Acreditamientos.<\/li>\n\n\n\n<li>Determinaci\u00f3n del ISR anual.<\/li>\n\n\n\n<li>ISR a cargo o a favor en el ejercicio.<\/li>\n\n\n\n<li>Sistema para la presentaci\u00f3n de la declaraci\u00f3n anual (Actualizaci\u00f3n).<\/li>\n<\/ul>\n<\/li>\n<\/ol>\n<\/div>\n\n\n\n<div id=\"defensa-fiscal-2025\" class=\"wp-block-group is-vertical is-layout-flex wp-container-core-group-is-layout-976f80c6 wp-block-group-is-layout-flex\" style=\"margin-top:0;margin-bottom:0;padding-top:0;padding-right:0;padding-bottom:var(--wp--preset--spacing--60);padding-left:0\">\n<h2 class=\"wp-block-heading\">10. DEFENSA FISCAL 2025<\/h2>\n\n\n\n<hr class=\"wp-block-separator has-text-color has-tertiary-color has-alpha-channel-opacity has-tertiary-background-color has-background\"\/>\n\n\n\n<p class=\"has-tertiary-color has-text-color has-link-color wp-elements-ef9e037a9523029481d81aac8be944fe\"><strong>LIC. JOSU\u00c9 D\u00c1VILA GUTI\u00c9RREZ<\/strong><\/p>\n\n\n\n<ol class=\"wp-block-list has-foreground-color has-text-color has-link-color wp-elements-5aaab0e7849e2c16780bdad3a7a09851\">\n<li>Visitas domiciliarias y procedimiento.<\/li>\n\n\n\n<li>Revisiones de gabinete y su desarrollo.<\/li>\n\n\n\n<li>Acuerdos conclusivos.<\/li>\n\n\n\n<li>Recomendaciones para atender una facultad de comprobaci\u00f3n.<\/li>\n\n\n\n<li>Determinaci\u00f3n de cr\u00e9ditos fiscales.<\/li>\n\n\n\n<li>Operaciones inexistentes en revisiones y su defensa.<\/li>\n\n\n\n<li>Requerimientos de pago y embargos.<\/li>\n\n\n\n<li>Embargos de cuentas bancarias.<\/li>\n\n\n\n<li>Sentencias en favor de los contribuyentes auditados.<\/li>\n\n\n\n<li>Medios de Defensa Fiscal.<\/li>\n<\/ol>\n<\/div>\n<\/div>\n<\/div>\n","protected":false},"excerpt":{"rendered":"<p>1. RESOLUCI\u00d3N MISCEL\u00c1NEA FISCAL 2026 C.P. ENRIQUE CORONA MENDOZA 2. CFDI L.C. EMMANUEL GUERRERO ROMERO 3. CONTABILIDAD ELECTR\u00d3NICA (PREVENCI\u00d3N DE MULTAS) L.C.Y L.I. RUB\u00c9N TORRES BEN\u00cdTEZ 4. T\u00d3PICOS DEL IMSS MTRO. FRANCISCO MANGLIO RAMOS PONCE 5. RELACIONES LABORALES &#8212; 6. REFORMAS A LA LEY ANTILAVADO MTRO. ANTONIO MONREAL LUNA 7. C\u00d3DIGO FISCAL DE LA FEDERACI\u00d3N [&hellip;]<\/p>\n","protected":false},"author":1,"featured_media":0,"parent":0,"menu_order":0,"comment_status":"closed","ping_status":"closed","template":"","meta":{"footnotes":""},"class_list":["post-58","page","type-page","status-publish","hentry"],"_links":{"self":[{"href":"http:\/\/capfiscalmexico.com.mx\/dip-qro-tol-slp\/wp-json\/wp\/v2\/pages\/58","targetHints":{"allow":["GET"]}}],"collection":[{"href":"http:\/\/capfiscalmexico.com.mx\/dip-qro-tol-slp\/wp-json\/wp\/v2\/pages"}],"about":[{"href":"http:\/\/capfiscalmexico.com.mx\/dip-qro-tol-slp\/wp-json\/wp\/v2\/types\/page"}],"author":[{"embeddable":true,"href":"http:\/\/capfiscalmexico.com.mx\/dip-qro-tol-slp\/wp-json\/wp\/v2\/users\/1"}],"replies":[{"embeddable":true,"href":"http:\/\/capfiscalmexico.com.mx\/dip-qro-tol-slp\/wp-json\/wp\/v2\/comments?post=58"}],"version-history":[{"count":75,"href":"http:\/\/capfiscalmexico.com.mx\/dip-qro-tol-slp\/wp-json\/wp\/v2\/pages\/58\/revisions"}],"predecessor-version":[{"id":167,"href":"http:\/\/capfiscalmexico.com.mx\/dip-qro-tol-slp\/wp-json\/wp\/v2\/pages\/58\/revisions\/167"}],"wp:attachment":[{"href":"http:\/\/capfiscalmexico.com.mx\/dip-qro-tol-slp\/wp-json\/wp\/v2\/media?parent=58"}],"curies":[{"name":"wp","href":"https:\/\/api.w.org\/{rel}","templated":true}]}}