{"id":28,"date":"2024-10-12T14:50:41","date_gmt":"2024-10-12T20:50:41","guid":{"rendered":"http:\/\/capfiscalmexico.com.mx\/dip-tij-mex-ens\/?page_id=28"},"modified":"2025-12-22T21:36:57","modified_gmt":"2025-12-23T03:36:57","slug":"temario","status":"publish","type":"page","link":"http:\/\/capfiscalmexico.com.mx\/dip-tij-mex-ens\/temario\/","title":{"rendered":"Temario"},"content":{"rendered":"\n<div class=\"wp-block-group is-vertical is-content-justification-center is-layout-flex wp-container-core-group-is-layout-d60e23ab wp-block-group-is-layout-flex\" style=\"margin-top:0;margin-bottom:0\">\n<div class=\"wp-block-group is-layout-flow wp-container-core-group-is-layout-14a944f6 wp-block-group-is-layout-flow\" style=\"margin-top:var(--wp--preset--spacing--40);margin-bottom:var(--wp--preset--spacing--40);padding-right:var(--wp--preset--spacing--50);padding-left:var(--wp--preset--spacing--50)\">\n<div id=\"reforma-judicial-y-el-impacto-en-materia-fiscal\" class=\"wp-block-group is-vertical is-layout-flex wp-container-core-group-is-layout-976f80c6 wp-block-group-is-layout-flex\" style=\"margin-top:0;margin-bottom:0;padding-top:0;padding-right:0;padding-bottom:var(--wp--preset--spacing--60);padding-left:0\">\n<h2 class=\"wp-block-heading\">1. REFORMA JUDICIAL Y EL IMPACTO EN MATERIA FISCAL<\/h2>\n\n\n\n<hr class=\"wp-block-separator has-text-color has-tertiary-color has-alpha-channel-opacity has-tertiary-background-color has-background\"\/>\n\n\n\n<p class=\"has-tertiary-color has-text-color has-link-color wp-elements-40b7aaeda72b810b176c66cd6149d3bc\"><a href=\"http:\/\/capfiscalmexico.com.mx\/dip-tij-mex-ens\/expositores\/#jlcs\"><strong>DR. JUAN LUIS CRUZ SANTOS<\/strong><\/a><\/p>\n\n\n\n<p class=\"has-tertiary-color has-text-color has-link-color wp-elements-8c59bf1f22236336ef3b9e5a42d3f0d3\"><a href=\"http:\/\/capfiscalmexico.com.mx\/dip-tij-mex-ens\/expositores\/#jmgg\"><strong>C.P.C. Y M.A.F. JOS\u00c9 MANUEL GUTI\u00c9RREZ GARC\u00cdA<\/strong><\/a><\/p>\n\n\n\n<ol class=\"wp-block-list has-foreground-color has-text-color has-link-color wp-elements-c292c5a58c12b4c841b8d6465c5a84ba\">\n<li><strong>LA REFORMA JUDICIAL Y LA REPERCUSI\u00d3N EN MATERIA FISCAL.<\/strong><\/li>\n\n\n\n<li><strong>POL\u00cdTICA FISCAL DE LA PRESIDENTA DE LA REP\u00daBLICA.<\/strong><\/li>\n\n\n\n<li><strong>POSIBLES REFORMAS FISCALES.<\/strong><\/li>\n\n\n\n<li><strong>PLAN MAESTRO DE FISCALIZACI\u00d3N Y RECAUDACI\u00d3N.<\/strong>\n<ul class=\"wp-block-list\">\n<li>Revisiones profundas.<\/li>\n\n\n\n<li>Restricci\u00f3n y cancelaci\u00f3n de certificados de sello digital.<\/li>\n<\/ul>\n<\/li>\n\n\n\n<li><strong>ALTERNATIVAS PARA HACER FRENTE A LOS ACTOS DE AUTORIDAD.<\/strong><\/li>\n<\/ol>\n<\/div>\n\n\n\n<div id=\"cierre-fiscal-de-las-personas-fisicas-2024\" class=\"wp-block-group is-vertical is-layout-flex wp-container-core-group-is-layout-976f80c6 wp-block-group-is-layout-flex\" style=\"margin-top:0;margin-bottom:0;padding-top:0;padding-right:0;padding-bottom:var(--wp--preset--spacing--60);padding-left:0\">\n<h2 class=\"wp-block-heading\">2. CIERRE FISCAL DE LAS PERSONAS F\u00cdSICAS 2024<\/h2>\n\n\n\n<hr class=\"wp-block-separator has-text-color has-tertiary-color has-alpha-channel-opacity has-tertiary-background-color has-background\"\/>\n\n\n\n<p class=\"has-tertiary-color has-text-color has-link-color wp-elements-eb169c72c5491ab0fb2b344bf008340f\"><a href=\"http:\/\/capfiscalmexico.com.mx\/dip-tij-mex-ens\/expositores\/#mrv\"><strong>C.P. Y M.I. MISAEL RU\u00cdZ VIRAMONTES<\/strong><\/a><\/p>\n\n\n\n<ol class=\"wp-block-list has-foreground-color has-text-color has-link-color wp-elements-1b51bcecebf48118da7ef54c020eb399\">\n<li><strong>DISPOSICIONES GENERALES<\/strong>.<\/li>\n\n\n\n<li><strong>PERSONAS OBLIGADAS A PRESENTAR LA DECLARACI\u00d3N ANUAL<\/strong>.<\/li>\n\n\n\n<li><strong>INGRESOS POR SALARIOS Y ASIMILADOS A SALARIOS<\/strong>.<\/li>\n\n\n\n<li><strong>INGRESOS POR ACTIVIDADES EMPRESARIALES Y PROFESIONALES<\/strong>.\n<ul class=\"wp-block-list\">\n<li>Ingresos por actividades empresariales (r\u00e9gimen general).<\/li>\n\n\n\n<li>Ingresos por servicios profesionales (honorarios)<\/li>\n\n\n\n<li>Ingresos obtenidos en el R\u00e9gimen de Incorporaci\u00f3n Fiscal<\/li>\n\n\n\n<li>Ingresos obtenidos en plataformas digitales<\/li>\n\n\n\n<li>Ingresos obtenidos en el R\u00e9gimen Simplificado de Confianza<\/li>\n<\/ul>\n<\/li>\n\n\n\n<li><strong>INGRESOS POR EL OTORGAMIENTO DEL USO O GOCE TEMPORAL DE BIENES INMUEBLES (CASA HABITACI\u00d3N Y LOCAL COMERCIAL)<\/strong>.<\/li>\n\n\n\n<li><strong>INGRESOS POR DIVIDENDOS Y EN GENERAL POR LAS GANANCIAS DISTRIBUIDAS POR PERSONAS MORALES<\/strong>.<\/li>\n\n\n\n<li><strong>OTROS INGRESOS<\/strong>.<\/li>\n\n\n\n<li><strong>DEDUCCIONES PERSONALES<\/strong>.<\/li>\n\n\n\n<li><strong>ACREDITAMIENTOS<\/strong>.<\/li>\n\n\n\n<li><strong>DETERMINACI\u00d3N DEL ISR ANUAL<\/strong>.<\/li>\n\n\n\n<li><strong>ISR A CARGO O A FAVOR EN EL EJERCICIO<\/strong>.<\/li>\n\n\n\n<li><strong>DATOS INFORMATIVOS<\/strong>.<\/li>\n\n\n\n<li><strong>C\u00d3MO EVITAR UNA DISCREPANCIA FISCAL POR PARTE DE LA AUTORIDAD FISCAL<\/strong>.<\/li>\n\n\n\n<li><strong>CONCLUSIONES Y RECOMENDACIONES<\/strong>.<\/li>\n<\/ol>\n<\/div>\n\n\n\n<div id=\"cierre-fiscal-de-las-personas-morales-2024\" class=\"wp-block-group is-vertical is-layout-flex wp-container-core-group-is-layout-976f80c6 wp-block-group-is-layout-flex\" style=\"margin-top:0;margin-bottom:0;padding-top:0;padding-right:0;padding-bottom:var(--wp--preset--spacing--60);padding-left:0\">\n<h2 class=\"wp-block-heading\">3. CIERRE FISCAL DE LAS PERSONAS MORALES 2024<\/h2>\n\n\n\n<hr class=\"wp-block-separator has-text-color has-tertiary-color has-alpha-channel-opacity has-tertiary-background-color has-background\"\/>\n\n\n\n<p class=\"has-tertiary-color has-text-color has-link-color wp-elements-12b7735a351693e51d2cde207c33a257\"><a href=\"http:\/\/capfiscalmexico.com.mx\/dip-tij-mex-ens\/expositores\/#mrv\"><strong>MTRO. Y C.P. FRANCISCO BRITO M\u00c1RQUEZ<\/strong><\/a><\/p>\n\n\n\n<ol class=\"wp-block-list has-foreground-color has-text-color has-link-color wp-elements-799dad9b9e3d6941886ea9ceb3c322ae\">\n<li><strong>R\u00c9GIMEN GENERAL<\/strong>.\n<ul class=\"wp-block-list\">\n<li>Ingresos.<\/li>\n\n\n\n<li>Gastos.\n<ul class=\"wp-block-list\">\n<li>Salarios, vi\u00e1ticos.<\/li>\n\n\n\n<li>Retenciones.<\/li>\n<\/ul>\n<\/li>\n\n\n\n<li>Deducci\u00f3n de inversiones.<\/li>\n\n\n\n<li>Costos de ventas.<\/li>\n\n\n\n<li>P\u00e9rdidas fiscales.<\/li>\n\n\n\n<li>PTU.<\/li>\n\n\n\n<li>Coeficiente de utilidad.<\/li>\n\n\n\n<li>Utilidad fiscal.<\/li>\n\n\n\n<li>Recuperaci\u00f3n de siniestros.<\/li>\n\n\n\n<li>Emisi\u00f3n de comprobantes.<\/li>\n\n\n\n<li>Cancelaci\u00f3n de CFDI.<\/li>\n\n\n\n<li>Estados financieros.<\/li>\n\n\n\n<li>CUFIN CUCA.<\/li>\n\n\n\n<li>Reducci\u00f3n de capital.<\/li>\n\n\n\n<li>Dividendos.<\/li>\n\n\n\n<li>Enajenaci\u00f3n de acciones.<\/li>\n\n\n\n<li>Pagos al extranjero.<\/li>\n<\/ul>\n<\/li>\n\n\n\n<li><strong>RESICO<\/strong>.\n<ul class=\"wp-block-list\">\n<li>Ingresos.<\/li>\n\n\n\n<li>Gastos.<\/li>\n\n\n\n<li>Anticipos de rendimientos.<\/li>\n\n\n\n<li>Deducci\u00f3n de inversiones.<\/li>\n\n\n\n<li>Emisi\u00f3n del CFDI.<\/li>\n\n\n\n<li>CUCA, CUFIN.<\/li>\n<\/ul>\n<\/li>\n\n\n\n<li><strong>VISORES<\/strong>.<\/li>\n<\/ol>\n<\/div>\n\n\n\n<div id=\"regimen-fiscal-de-los-sueldos-y-salarios\" class=\"wp-block-group is-vertical is-layout-flex wp-container-core-group-is-layout-976f80c6 wp-block-group-is-layout-flex\" style=\"margin-top:0;margin-bottom:0;padding-top:0;padding-right:0;padding-bottom:var(--wp--preset--spacing--60);padding-left:0\">\n<h2 class=\"wp-block-heading\">4. R\u00c9GIMEN FISCAL DE LOS SUELDOS Y SALARIOS<\/h2>\n\n\n\n<hr class=\"wp-block-separator has-text-color has-tertiary-color has-alpha-channel-opacity has-tertiary-background-color has-background\"\/>\n\n\n\n<p class=\"has-tertiary-color has-text-color has-link-color wp-elements-a43212867f93bec165411783e3b4948d\"><strong><a href=\"http:\/\/capfiscalmexico.com.mx\/dip-tij-mex-ens\/expositores\/#fgl\" data-type=\"page\" data-id=\"74\">L.C.P. FERNANDO GONZ\u00c1LEZ L\u00d3PEZ<\/a><\/strong><\/p>\n\n\n\n<ol class=\"wp-block-list has-foreground-color has-text-color has-link-color wp-elements-2eae999f4f20a351b275cdfded527ec6\">\n<li><strong>DEFINICI\u00d3N DE SALARIOS<\/strong>.<\/li>\n\n\n\n<li><strong>ACUMULACI\u00d3N DE INGRESOS POR SALARIOS<\/strong>.<\/li>\n\n\n\n<li><strong>PERCEPCI\u00d3N DE LA N\u00d3MINA<\/strong>.\n<ul class=\"wp-block-list\">\n<li>Horas Extras.<\/li>\n\n\n\n<li>Reembolso de gastos m\u00e9dicos y funerarios.<\/li>\n\n\n\n<li>Aguinaldos.<\/li>\n\n\n\n<li>Prima Vacacional.<\/li>\n\n\n\n<li>PTU.<\/li>\n\n\n\n<li>Previsi\u00f3n Social.<\/li>\n<\/ul>\n<\/li>\n\n\n\n<li><strong>PROPINAS<\/strong>.<\/li>\n\n\n\n<li><strong>FINIQUITOS<\/strong>.<\/li>\n\n\n\n<li><strong>SUBSIDIO DEL EMPLEO<\/strong>.<\/li>\n\n\n\n<li><strong>INDEMNIZACIONES<\/strong>.<\/li>\n\n\n\n<li><strong>AJUSTE ANUAL DE LOS SALARIOS<\/strong>.<\/li>\n\n\n\n<li><strong>DEDUCCI\u00d3N DE LA N\u00d3MINA<\/strong>.<\/li>\n\n\n\n<li><strong>INGRESO POR LA PRESTACI\u00d3N DE UN SERVICIO PERSONAL<\/strong>.<\/li>\n\n\n\n<li><strong>SUBORDINADO<\/strong>.<\/li>\n\n\n\n<li><strong>ASIMILADOS A SALARIO<\/strong>.<\/li>\n<\/ol>\n<\/div>\n\n\n\n<div id=\"estrategias-fiscales-para-el-cierre-del-ejercicio\" class=\"wp-block-group is-vertical is-layout-flex wp-container-core-group-is-layout-976f80c6 wp-block-group-is-layout-flex\" style=\"margin-top:0;margin-bottom:0;padding-top:0;padding-right:0;padding-bottom:var(--wp--preset--spacing--60);padding-left:0\">\n<h2 class=\"wp-block-heading\">5. ESTRATEGIAS FISCALES PARA EL CIERRE DEL EJERCICIO<\/h2>\n\n\n\n<hr class=\"wp-block-separator has-text-color has-tertiary-color has-alpha-channel-opacity has-tertiary-background-color has-background\"\/>\n\n\n\n<p class=\"has-tertiary-color has-text-color has-link-color wp-elements-40b7aaeda72b810b176c66cd6149d3bc\"><a href=\"http:\/\/capfiscalmexico.com.mx\/dip-tij-mex-ens\/expositores\/#jlcs\"><strong>DR. JUAN LUIS CRUZ SANTOS<\/strong><\/a><\/p>\n\n\n\n<ol class=\"wp-block-list has-foreground-color has-text-color has-link-color wp-elements-4a8e26f7746dcb0f01e13a23ca050d46\">\n<li><strong>SUSTENTO CONSTITUCIONAL DE LA PLANEACI\u00d3N FISCAL<\/strong>.<\/li>\n\n\n\n<li><strong>CAUSACI\u00d3N DE LAS CONTRIBUCIONES<\/strong>.<\/li>\n\n\n\n<li><strong>CONCEPTO DE EVASI\u00d3N Y ELUSI\u00d3N FISCAL<\/strong>.<\/li>\n\n\n\n<li><strong>LA EVASI\u00d3N Y ELUSI\u00d3N FISCAL SEG\u00daN EXPOSICI\u00d3N DE MOTIVOS DE REFORMAS A LAS LEYES FISCALES Y PENALES<\/strong>.<\/li>\n\n\n\n<li><strong>METODOLOG\u00cdA<\/strong>.<\/li>\n\n\n\n<li><strong>SOPORTE<\/strong>.\n<ul class=\"wp-block-list\">\n<li>Soporte Legal.<\/li>\n\n\n\n<li>Soporte Documental.<\/li>\n\n\n\n<li>Soporte Contable.<\/li>\n\n\n\n<li>Raz\u00f3n de Negocios.<\/li>\n<\/ul>\n<\/li>\n\n\n\n<li><strong>RIESGOS SOBRE EL MANEJO DEL EFECTIVO Y SUS IMPLICACIONES LEGALES<\/strong>.<\/li>\n\n\n\n<li><strong>INFORMACI\u00d3N Y DOCUMENTACI\u00d3N IMPORTANTE PARA EL CIERRE DEL EJERCICIO<\/strong>.<\/li>\n\n\n\n<li><strong>CASOS PR\u00c1CTICOS<\/strong>.\n<ul class=\"wp-block-list\">\n<li>Reestructuraci\u00f3n Corporativa de las Empresas.<\/li>\n\n\n\n<li>Sociedades Cooperativas de producci\u00f3n de Bienes y Servicios.<\/li>\n\n\n\n<li>Previsi\u00f3n Social.<\/li>\n\n\n\n<li>Comentarios a otras Opciones Legales.<\/li>\n<\/ul>\n<\/li>\n\n\n\n<li><strong>ASIMILADOS A SALARIOS Y SU FISCALIZACI\u00d3N<\/strong>.<\/li>\n\n\n\n<li><strong>R\u00c9GIMEN SIMPLIFICADO DE CONFIANZA PARA PERSONAS F\u00cdSICAS Y MORALES<\/strong>.<\/li>\n\n\n\n<li><strong>ASOCIACIONES CIVILES<\/strong>.\n<ul class=\"wp-block-list\">\n<li>Sugerencias corporativas al constituirlas.<\/li>\n\n\n\n<li>No contribuyentes del ISR.<\/li>\n\n\n\n<li>Remanente Distribuible.<\/li>\n<\/ul>\n<\/li>\n\n\n\n<li><strong>ASPECTOS A CONSIDERAR PARA NO INCURRIR EN EL SUPUESTO DEL ART\u00cdCULO 69-B DEL C\u00d3DIGO FISCAL DE LA FEDERACI\u00d3N<\/strong>.<\/li>\n\n\n\n<li><strong>DEFENSA FISCAL DE LAS ESTRATEGIAS Y PLANEACIONES<\/strong>.<\/li>\n<\/ol>\n<\/div>\n\n\n\n<div id=\"repse\" class=\"wp-block-group is-vertical is-layout-flex wp-container-core-group-is-layout-976f80c6 wp-block-group-is-layout-flex\" style=\"margin-top:0;margin-bottom:0;padding-top:0;padding-right:0;padding-bottom:var(--wp--preset--spacing--60);padding-left:0\">\n<h2 class=\"wp-block-heading\">6. REPSE<\/h2>\n\n\n\n<hr class=\"wp-block-separator has-text-color has-tertiary-color has-alpha-channel-opacity has-tertiary-background-color has-background\"\/>\n\n\n\n<p class=\"has-tertiary-color has-text-color has-link-color wp-elements-ea1553d6d4f9c95d2d31c69205e154c4\"><a href=\"http:\/\/capfiscalmexico.com.mx\/dip-tij-mex-ens\/expositores\/#jmmc\"><strong>MTRO. JOS\u00c9 MANUEL MORITA CANCINO<\/strong><\/a><\/p>\n\n\n\n<ol class=\"wp-block-list has-foreground-color has-text-color has-link-color wp-elements-2d8ab13b46fa63bd049efc6279c99999\">\n<li><strong>ANTECEDENTES DE LA REFORMA LABORAL Y F\u00cdSICA A LA SUBCONTRATACI\u00d3N LABORAL.<\/strong><\/li>\n\n\n\n<li><strong>REGISTRO DE PRESTADORAS DE SERVICIOS DE OBRAS ESPECIALIZADAS (REPSE).<\/strong><\/li>\n\n\n\n<li><strong>NUEVOS DOCUMENTOS PARA EL REGISTRO.<\/strong><\/li>\n\n\n\n<li><strong>INSPECCIONES PARA PRESTADORAS O BENEFICIARIAS DE SERVICIOS U OBRAS ESPECIALIZADAS.<\/strong><\/li>\n\n\n\n<li><strong>NUEVAS REGLAS DEN LA SOLICITUD PARA ALTUALIZACI\u00d3N Y MODIFICACI\u00d3N DE ACTIVIDADES REGISTRADAS EN EL REPSE.<\/strong><\/li>\n\n\n\n<li><strong>CAISAS DE CANCELACI\u00d3N Y NEGATIVA DE REGISTRO REPSE.<\/strong><\/li>\n\n\n\n<li><strong>OBLIGACI\u00d3N DE PRESENTAR INFORMACI\u00d3N DE CONTRATOS O MODIFICACI\u00d3N DE ACTIVIDADES REGISTRADAS EN EL REPSE.<\/strong><\/li>\n\n\n\n<li><strong>INSPECCI\u00d3N PARA PRESTADORAS O BENEFICIARIAS PARTE DE LA STPS A LOS PRESTADORES DE SERVICIOS U OBRAS ESPECIALIZADAS EN EL REQUERIMIENTO DE INFORMACI\u00d3N ADICIONAL EN EL REPSE AL BENEFICIARIO DE SERVICIO.<\/strong><\/li>\n\n\n\n<li><strong>MEDIOS DE DEFENSA ANTE LA NEGATIVA DE REGISTRO.<\/strong><\/li>\n\n\n\n<li><strong>ELEMENTOS ESENCIALES QUE DEBE DE CONTENER EL CONTRATO EN MATERIA DE SUBCONTRATACI\u00d3N DE SERVICIOS ESPECIALIZADOS (EJEMPLO).<\/strong><\/li>\n\n\n\n<li><strong>GU\u00cdA REPSE ANTE LA STPS.<\/strong><\/li>\n\n\n\n<li><strong>CRITERIOS DE LA PROCURADUR\u00cdA DE LA DEFENSA DEL CONTRIBUYENTE (PRODECON) PARA IDENTIFICAR LOS SERVICIOS ESPECIALIZADOS.<\/strong><\/li>\n\n\n\n<li><strong>SANCIONES Y MULTAS POR INCUMPLIMIENTO AL REGISTRO DE PRESTADORAS DE SERVICIO DE OBRAS ESPECIALIZADAS (REPSE).<\/strong><\/li>\n\n\n\n<li><strong>CAMBIOS EN EL SIDEIMSS, EN EL ANEXO SUBCONTRATISTAS DE SERVICIOS Y OBRAS ESPECIALIZADAS Y EL ANEXO DE BENEFICIARIOS.<\/strong><\/li>\n\n\n\n<li><strong>DOF: 03\/02\/2023. ACUERDO QUE MODIFICA EL DIVERSO POR EL QUE SE DAN A CONOCER QUE PRESTEN SERVICIOS ESPECIALIZADOS O EJECUTEN OBRAS ESPECIALIZADAS A QUE REFIERE EL ART\u00cdCULO 15 DE LA LEY FEDERAL DEL TRABAJO.<\/strong><\/li>\n\n\n\n<li><strong>ATRIBUCIONES DE LA SUBSECRETAR\u00cdA DEL EMPLEO Y PRODUCTIVIDAD LABORAL Y LA CREACI\u00d3N DE LA DIRECCI\u00d3N DE REGISTRO DE PRESTADORAS DE SERVICIO.<\/strong><\/li>\n\n\n\n<li><strong>PRINCIPALES PREGUNTAS DEL REGISTRO DE PRESTADORAS DE SERVICIO (REPSE).<\/strong><\/li>\n\n\n\n<li><strong>ASPECTOS DE LA UNIDAD DE INTELIGENCIA FINANCIERA (UIF)<\/strong>.<\/li>\n<\/ol>\n<\/div>\n\n\n\n<div id=\"topicos-del-imss\" class=\"wp-block-group is-vertical is-layout-flex wp-container-core-group-is-layout-976f80c6 wp-block-group-is-layout-flex\" style=\"margin-top:0;margin-bottom:0;padding-top:0;padding-right:0;padding-bottom:var(--wp--preset--spacing--60);padding-left:0\">\n<h2 class=\"wp-block-heading\">7. T\u00d3PICOS DEL IMSS<\/h2>\n\n\n\n<hr class=\"wp-block-separator has-text-color has-tertiary-color has-alpha-channel-opacity has-tertiary-background-color has-background\"\/>\n\n\n\n<p class=\"has-tertiary-color has-text-color has-link-color wp-elements-61dcdb209351d20b16f08c76490fa545\"><a href=\"http:\/\/capfiscalmexico.com.mx\/dip-tij-mex-ens\/expositores\/#gaz\"><strong>C.P. Y L.D. GABRIEL ARANDA ZAMACONA<\/strong><\/a><\/p>\n\n\n\n<ol class=\"wp-block-list has-foreground-color has-text-color has-link-color wp-elements-aa8ee78370fd58979533819ea5468773\">\n<li><strong>ANTECEDENTES DE LA SEGURIDAD SOCIAL.<\/strong><\/li>\n\n\n\n<li><strong>EL R\u00c9GIMEN OBLIGATORIO DEL SEGURO SOCIAL.<\/strong><\/li>\n\n\n\n<li><strong>EL SALARIO BASE DE COTIZACI\u00d3N.<\/strong><\/li>\n\n\n\n<li><strong>EL DELITO DE EXPLOTACI\u00d3N LABORAL DESDE LA PERSPECTIVA DE SEGURIDAD SOCIAL.<\/strong><\/li>\n\n\n\n<li><strong>EL NUEVO BUZ\u00d3N IMSS.<\/strong><\/li>\n<\/ol>\n<\/div>\n\n\n\n<div id=\"resolucion-miscelanea-fiscal\" class=\"wp-block-group is-vertical is-layout-flex wp-container-core-group-is-layout-976f80c6 wp-block-group-is-layout-flex\" style=\"margin-top:0;margin-bottom:0;padding-top:0;padding-right:0;padding-bottom:var(--wp--preset--spacing--60);padding-left:0\">\n<h2 class=\"wp-block-heading\">8. RESOLUCI\u00d3N MISCEL\u00c1NEA FISCAL<\/h2>\n\n\n\n<hr class=\"wp-block-separator has-text-color has-tertiary-color has-alpha-channel-opacity has-tertiary-background-color has-background\"\/>\n\n\n\n<p class=\"has-tertiary-color has-text-color has-link-color wp-elements-dcc45fc62dc4a8dec8b2040bd3927b53\"><a href=\"http:\/\/capfiscalmexico.com.mx\/dip-tij-mex-ens\/expositores\/#rtb\"><strong>L.C. Y L.I. RUB\u00c9N TORRES BEN\u00cdTEZ<\/strong><\/a><\/p>\n\n\n\n<ol class=\"wp-block-list has-foreground-color has-text-color has-link-color wp-elements-e25adb32930ad24497e83f74c5844d1b\">\n<li><strong>DISPOSICIONES GENERALES<\/strong>.<\/li>\n\n\n\n<li><strong>C\u00d3DIGO FISCAL DE LA FEDERACI\u00d3N<\/strong>.<\/li>\n\n\n\n<li><strong>IMPUESTO SOBRE LA RENTA<\/strong>.<\/li>\n\n\n\n<li><strong>IMPUESTO AL VALOR AGREGADO<\/strong>.<\/li>\n\n\n\n<li><strong>IMPUESTO ESPECIAL SOBRE PRODUCCI\u00d3N Y SERVICIOS<\/strong>.<\/li>\n\n\n\n<li><strong>OTRAS DISPOSICIONES RELEVANTES<\/strong>.<\/li>\n<\/ol>\n<\/div>\n\n\n\n<div id=\"cfdi\" class=\"wp-block-group is-vertical is-layout-flex wp-container-core-group-is-layout-976f80c6 wp-block-group-is-layout-flex\" style=\"margin-top:0;margin-bottom:0;padding-top:0;padding-right:0;padding-bottom:var(--wp--preset--spacing--60);padding-left:0\">\n<h2 class=\"wp-block-heading\">9. CFDI<\/h2>\n\n\n\n<hr class=\"wp-block-separator has-text-color has-tertiary-color has-alpha-channel-opacity has-tertiary-background-color has-background\"\/>\n\n\n\n<p class=\"has-tertiary-color has-text-color has-link-color wp-elements-cc1468bf3ae0c7e788a273f1a5380270\"><strong><a href=\"http:\/\/capfiscalmexico.com.mx\/dip-tij-mex-ens\/expositores\/#jcvd\" data-type=\"page\" data-id=\"74\">MTRO. JUAN CARLOS VICTORIO DOM\u00cdNGUEZ<\/a><\/strong><\/p>\n\n\n\n<ol class=\"wp-block-list has-foreground-color has-text-color has-link-color wp-elements-6a7d0b2c1d478b02ea6cb1f9fa67a630\">\n<li><strong>OBLIGADOS A EXPEDIR COMPROBANTES FISCALES.<\/strong><\/li>\n\n\n\n<li><strong>TIPOS DE COMPROBANTES FISCALES.<\/strong>\n<ul class=\"wp-block-list\">\n<li>Ingresos, notas de cr\u00e9dito (egresos), de pago, traslado (carta porte), n\u00f3mina y de retenciones.<\/li>\n<\/ul>\n<\/li>\n\n\n\n<li><strong>CFDI 4.0 (ANEXO 20)<\/strong>.\n<ul class=\"wp-block-list\">\n<li>Claves del cat\u00e1logo (r\u00e9gimen fiscal, uso del CFDI, clave del producto o servicio, unidad de medida, m\u00e9todo o forma de pago, entre otros).<\/li>\n<\/ul>\n<\/li>\n\n\n\n<li><strong>OBLIGACIONES EN LA EMISI\u00d3N DE COMPROBANTES FISCALES<\/strong>.<\/li>\n\n\n\n<li><strong>REQUISITOS QUE SE INCORPORAN EN LOS COMPROBANTES FISCALES.<\/strong><\/li>\n\n\n\n<li><strong>LINEAMIENTOS EN LA EMISI\u00d3N DE COMPROBANTES DE INGRESOS, NOTAS DE CR\u00c9DITO (EGRESOS), DE PAGO, TRASLADO (CARTA PORTE) Y DE N\u00d3MINA.<\/strong><\/li>\n\n\n\n<li><strong>LINEAMIENTOS EN LA EMISI\u00d3N DE COMPROBANTES DE OPERACIONES CELEBRADAS CON EL P\u00daBLICO EN GENERAL.<\/strong><\/li>\n\n\n\n<li><strong>PR\u00c1CTICAS INDEBIDAS EN LA EMISI\u00d3N DE COMPROBANTES FISCALES.<\/strong><\/li>\n\n\n\n<li><strong>INFORMACI\u00d3N DEL SAT EN SU BASE DE DATOS (CFDI EMITIDOS Y RECIBIDOS).<\/strong>\n<ul class=\"wp-block-list\">\n<li>Diferencias entre los CFDI emitidos y base de datos del SAT.<\/li>\n\n\n\n<li>Diferencias entre los CFDI recibidos y base de datos del SAT.<\/li>\n<\/ul>\n<\/li>\n\n\n\n<li><strong>DISPOSICIONES FISCALES APLICABLES EN LA CANCELACI\u00d3N DE COMPROBANTES FISCALES.<\/strong><\/li>\n\n\n\n<li><strong>\u00bfC\u00d3MO SE CORRIGE UN CFDI CON ERRORES O INCONSISTENCIAS?<\/strong><\/li>\n\n\n\n<li><strong>\u00daLTIMOS CAMBIOS EN LAS GU\u00cdAS DE LLENADO DE LOS COMPROBANTES FISCALES.<\/strong><\/li>\n\n\n\n<li><strong>EL CFDI Y LA DECLARACI\u00d3N DE IMPUESTOS.<\/strong><\/li>\n\n\n\n<li><strong>EL CFDI COMO FUENTE DE FISCALIZACI\u00d3N.<\/strong><\/li>\n\n\n\n<li><strong>ACREDITAMIENTO Y DEDUCCI\u00d3N CON BASE EN LOS COMPROBANTES.<\/strong>\n<ul class=\"wp-block-list\">\n<li>Efectos fiscales para los receptores de los comprobantes fiscales.<\/li>\n<\/ul>\n<\/li>\n\n\n\n<li><strong>INFRACCIONES Y SANCIONES PARA 2025.<\/strong><\/li>\n\n\n\n<li><strong>CONCLUSIONES Y RECOMENDACIONES.<\/strong><\/li>\n<\/ol>\n<\/div>\n\n\n\n<div id=\"defensa-fiscal\" class=\"wp-block-group is-vertical is-layout-flex wp-container-core-group-is-layout-976f80c6 wp-block-group-is-layout-flex\" style=\"margin-top:0;margin-bottom:0;padding-top:0;padding-right:0;padding-bottom:var(--wp--preset--spacing--60);padding-left:0\">\n<h2 class=\"wp-block-heading\">10. DEFENSA FISCAL<\/h2>\n\n\n\n<hr class=\"wp-block-separator has-text-color has-tertiary-color has-alpha-channel-opacity has-tertiary-background-color has-background\"\/>\n\n\n\n<p class=\"has-tertiary-color has-text-color has-link-color wp-elements-40b7aaeda72b810b176c66cd6149d3bc\"><a href=\"http:\/\/capfiscalmexico.com.mx\/dip-tij-mex-ens\/expositores\/#jlcs\"><strong>DR. JUAN LUIS CRUZ SANTOS<\/strong><\/a><\/p>\n\n\n\n<ol class=\"wp-block-list has-foreground-color has-text-color has-link-color wp-elements-fd06d536125c1818a3e2ed5798fdbe02\">\n<li><strong>SAT Y HACIENDA DEL ESTADO<\/strong>.\n<ul class=\"wp-block-list\">\n<li>Ilegalidades en las Revisiones de Gabinete, Revisiones Electr\u00f3nicas y Vistas Domiciliarias.<\/li>\n\n\n\n<li>C\u00f3mo atender las revisiones de las autoridades fiscales.<\/li>\n\n\n\n<li>Argumentos para invalidar en Tribunales las actuaciones de las autoridades fiscales.<\/li>\n<\/ul>\n<\/li>\n\n\n\n<li><strong>IMSS<\/strong>.\n<ul class=\"wp-block-list\">\n<li>Ilegalidades en los capitales constitutivos por riesgos de trabajo.<\/li>\n\n\n\n<li>Ilegalidades en el cobro de cuotas en asimilados a salarios.<\/li>\n\n\n\n<li>Ilegalidades en diferencias en la industria de la construcci\u00f3n.<\/li>\n<\/ul>\n<\/li>\n\n\n\n<li><strong>LEY FEDERAL PARA LA PREVENCI\u00d3N E IDENTIFICACI\u00d3N DE OPERACI\u00d3N (LEY ANTILAVADO)<\/strong>.\n<ul class=\"wp-block-list\">\n<li>Ilegalidades en las multas por no presentar avisos o presentarlos\u2028fuera de los plazos.<\/li>\n\n\n\n<li>Legalidades en las verificaciones de las autoridades.<\/li>\n\n\n\n<li>Avisos en ceros o sin actividades.<\/li>\n<\/ul>\n<\/li>\n\n\n\n<li><strong>PROCEDIMIENTO ADMINISTRATIVO DE EJECUCI\u00d3N (PAE)<\/strong>.\n<ul class=\"wp-block-list\">\n<li>Formas de garantizar el cr\u00e9dito fiscal y prevenir embargos.<\/li>\n\n\n\n<li>Monto de la garant\u00eda.<\/li>\n\n\n\n<li>Embargo a cuentas bancarias y su sustituci\u00f3n.<\/li>\n\n\n\n<li>Prescripci\u00f3n.<\/li>\n<\/ul>\n<\/li>\n<\/ol>\n<\/div>\n\n\n\n<div id=\"reformas-fiscales-2025\" class=\"wp-block-group is-vertical is-layout-flex wp-container-core-group-is-layout-a0bebe47 wp-block-group-is-layout-flex\" style=\"margin-top:0;margin-bottom:0;padding-top:0;padding-right:0;padding-bottom:0;padding-left:0\">\n<h2 class=\"wp-block-heading\">11. REFORMAS FISCALES 2025<\/h2>\n\n\n\n<hr class=\"wp-block-separator has-text-color has-tertiary-color has-alpha-channel-opacity has-tertiary-background-color has-background\"\/>\n\n\n\n<p class=\"has-tertiary-color has-text-color has-link-color wp-elements-6401a297fab98128f03855e1be02d16e\">TEMA SUJETO A APROBACI\u00d3N<\/p>\n\n\n\n<ol class=\"wp-block-list has-foreground-color has-text-color has-link-color wp-elements-e7936a81b77cee5036990f6d5d41f988\">\n<li><strong>LEY DE INGRESOS DE LA FEDERACI\u00d3N<\/strong>.<\/li>\n\n\n\n<li><strong>C\u00d3DIGO FISCAL DE LA FEDERACI\u00d3N<\/strong>.<\/li>\n\n\n\n<li><strong>LEY DE MPUESTOS SOBRE LA RENTA<\/strong>.<\/li>\n\n\n\n<li><strong>LEY DE IMPUESTOS AL VALOR AGREGADO<\/strong>.<\/li>\n<\/ol>\n<\/div>\n<\/div>\n<\/div>\n","protected":false},"excerpt":{"rendered":"<p>1. REFORMA JUDICIAL Y EL IMPACTO EN MATERIA FISCAL DR. JUAN LUIS CRUZ SANTOS C.P.C. Y M.A.F. JOS\u00c9 MANUEL GUTI\u00c9RREZ GARC\u00cdA 2. CIERRE FISCAL DE LAS PERSONAS F\u00cdSICAS 2024 C.P. Y M.I. MISAEL RU\u00cdZ VIRAMONTES 3. CIERRE FISCAL DE LAS PERSONAS MORALES 2024 MTRO. Y C.P. FRANCISCO BRITO M\u00c1RQUEZ 4. R\u00c9GIMEN FISCAL DE LOS SUELDOS [&hellip;]<\/p>\n","protected":false},"author":1,"featured_media":0,"parent":0,"menu_order":0,"comment_status":"closed","ping_status":"closed","template":"","meta":{"footnotes":""},"class_list":["post-28","page","type-page","status-publish","hentry"],"_links":{"self":[{"href":"http:\/\/capfiscalmexico.com.mx\/dip-tij-mex-ens\/wp-json\/wp\/v2\/pages\/28","targetHints":{"allow":["GET"]}}],"collection":[{"href":"http:\/\/capfiscalmexico.com.mx\/dip-tij-mex-ens\/wp-json\/wp\/v2\/pages"}],"about":[{"href":"http:\/\/capfiscalmexico.com.mx\/dip-tij-mex-ens\/wp-json\/wp\/v2\/types\/page"}],"author":[{"embeddable":true,"href":"http:\/\/capfiscalmexico.com.mx\/dip-tij-mex-ens\/wp-json\/wp\/v2\/users\/1"}],"replies":[{"embeddable":true,"href":"http:\/\/capfiscalmexico.com.mx\/dip-tij-mex-ens\/wp-json\/wp\/v2\/comments?post=28"}],"version-history":[{"count":55,"href":"http:\/\/capfiscalmexico.com.mx\/dip-tij-mex-ens\/wp-json\/wp\/v2\/pages\/28\/revisions"}],"predecessor-version":[{"id":186,"href":"http:\/\/capfiscalmexico.com.mx\/dip-tij-mex-ens\/wp-json\/wp\/v2\/pages\/28\/revisions\/186"}],"wp:attachment":[{"href":"http:\/\/capfiscalmexico.com.mx\/dip-tij-mex-ens\/wp-json\/wp\/v2\/media?parent=28"}],"curies":[{"name":"wp","href":"https:\/\/api.w.org\/{rel}","templated":true}]}}