{"id":49,"date":"2024-12-13T23:33:57","date_gmt":"2024-12-13T23:33:57","guid":{"rendered":"http:\/\/capfiscalmexico.com.mx\/dip-vsa-ctz-ver\/?page_id=49"},"modified":"2025-12-04T02:11:30","modified_gmt":"2025-12-04T02:11:30","slug":"temario","status":"publish","type":"page","link":"http:\/\/capfiscalmexico.com.mx\/dip-vsa-ctz-ver\/temario\/","title":{"rendered":"Temario"},"content":{"rendered":"\n<div class=\"wp-block-group is-vertical is-content-justification-center is-layout-flex wp-container-core-group-is-layout-d60e23ab wp-block-group-is-layout-flex\" style=\"margin-top:0;margin-bottom:0\">\n<div class=\"wp-block-group is-layout-flow wp-container-core-group-is-layout-14a944f6 wp-block-group-is-layout-flow\" style=\"margin-top:var(--wp--preset--spacing--40);margin-bottom:var(--wp--preset--spacing--40);padding-right:var(--wp--preset--spacing--50);padding-left:var(--wp--preset--spacing--50)\">\n<div id=\"reformas-fiscales-2026\" class=\"wp-block-group is-vertical is-layout-flex wp-container-core-group-is-layout-976f80c6 wp-block-group-is-layout-flex\" style=\"margin-top:0;margin-bottom:0;padding-top:0;padding-right:0;padding-bottom:var(--wp--preset--spacing--60);padding-left:0\">\n<h2 class=\"wp-block-heading\">1. REFORMAS FISCALES 2026<\/h2>\n\n\n\n<hr class=\"wp-block-separator has-text-color has-tertiary-color has-alpha-channel-opacity has-tertiary-background-color has-background\"\/>\n\n\n\n<p class=\"has-tertiary-color has-text-color has-link-color wp-elements-6285f817c98612b5cebf75b6d1651a20\"><strong><a href=\"http:\/\/capfiscalmexico.com.mx\/dip-vsa-ctz-ver\/expositores\/#erv\" data-type=\"page\" data-id=\"39\">LIC. ER\u00c9NDIRA RAM\u00cdREZ VIEYRA<\/a><\/strong><br><strong><a href=\"http:\/\/capfiscalmexico.com.mx\/dip-vsa-ctz-ver\/expositores\/#fbm\" data-type=\"page\" data-id=\"39\">MTRO. Y C.P. FRANCISCO BRITO M\u00c1RQUEZ<\/a><\/strong><\/p>\n\n\n\n<ol class=\"wp-block-list has-foreground-color has-text-color has-link-color wp-elements-bf726dac0ac87c828e110ee70aa4556d\">\n<li>Sustento constitucional de la planeaci\u00f3n fiscal.<\/li>\n\n\n\n<li>Causaci\u00f3n de las contribuciones.<\/li>\n\n\n\n<li>Concepto de evasi\u00f3n y elusi\u00f3n fiscal.<\/li>\n\n\n\n<li>La evasi\u00f3n y elusi\u00f3n fiscal seg\u00fan exposici\u00f3n de motivos de reformas a las leyes fiscales y penales.<\/li>\n\n\n\n<li>Metodolog\u00eda.<\/li>\n\n\n\n<li>Soporte.\n<ol style=\"list-style-type:lower-alpha\" class=\"wp-block-list\">\n<li>Soporte legal.<\/li>\n\n\n\n<li>Soporte documental.<\/li>\n\n\n\n<li>Soporte contable.<\/li>\n\n\n\n<li>Raz\u00f3n de negocios.<\/li>\n<\/ol>\n<\/li>\n\n\n\n<li>Riesgos sobre el manejo del efectivo y sus implicaciones legales.<\/li>\n\n\n\n<li>Informaci\u00f3n y documentaci\u00f3n importante para el cierre del ejercicio.<\/li>\n\n\n\n<li>Casos pr\u00e1cticos:\n<ol style=\"list-style-type:lower-alpha\" class=\"wp-block-list\">\n<li>Reestructuraci\u00f3n corporativa de las empresas.<\/li>\n\n\n\n<li>Sociedades cooperativas de producci\u00f3n de bienes y servicios.<\/li>\n\n\n\n<li>Previsi\u00f3n social.<\/li>\n\n\n\n<li>Comentarios a otras opciones legales.<\/li>\n<\/ol>\n<\/li>\n\n\n\n<li>Asimilados a salarios y su fiscalizaci\u00f3n.<\/li>\n\n\n\n<li>R\u00e9gimen simplificado de confianza para personas f\u00edsicas y morales.<\/li>\n\n\n\n<li>Asociaciones civiles.\n<ol style=\"list-style-type:lower-alpha\" class=\"wp-block-list\">\n<li>Sugerencias corporativas al constituirlas.<\/li>\n\n\n\n<li>No contribuyentes del ISR.<\/li>\n\n\n\n<li>Remanente distribuible.<\/li>\n<\/ol>\n<\/li>\n\n\n\n<li>Aspectos a considerar para no incurrir en el supuesto del art\u00edculo 69-B del c\u00f3digo fiscal de la federaci\u00f3n.<\/li>\n\n\n\n<li>Defensa fiscal de las estrategias y planeaciones.<\/li>\n<\/ol>\n<\/div>\n\n\n\n<div id=\"resolucion-miscelanea-fiscal-2026\" class=\"wp-block-group is-vertical is-layout-flex wp-container-core-group-is-layout-976f80c6 wp-block-group-is-layout-flex\" style=\"margin-top:0;margin-bottom:0;padding-top:0;padding-right:0;padding-bottom:var(--wp--preset--spacing--60);padding-left:0\">\n<h2 class=\"wp-block-heading\">2. RESOLUCI\u00d3N MISCEL\u00c1NEA FISCAL 2026<\/h2>\n\n\n\n<hr class=\"wp-block-separator has-text-color has-tertiary-color has-alpha-channel-opacity has-tertiary-background-color has-background\"\/>\n\n\n\n<p class=\"has-tertiary-color has-text-color has-link-color wp-elements-6fd7b2429a64982ac0fcf7879d0f965f\"><a href=\"http:\/\/capfiscalmexico.com.mx\/dip-vsa-ctz-ver\/expositores\/#mrv\" data-type=\"page\" data-id=\"39\"><strong>C.P. Y M.I. MISAEL RU\u00cdZ VIRAMONTES<\/strong><\/a><\/p>\n\n\n\n<ol class=\"wp-block-list has-foreground-color has-text-color has-link-color wp-elements-51c0688c7724389f01fc405bf54635f3\">\n<li>Disposiciones Generales.<\/li>\n\n\n\n<li>C\u00f3digo Fiscal de la Federaci\u00f3n.<\/li>\n\n\n\n<li>Impuesto Sobre la Renta.<\/li>\n\n\n\n<li>Impuesto al Valor Agregado.<\/li>\n\n\n\n<li>Impuesto Especial sobre producci\u00f3n y Servicios.<\/li>\n\n\n\n<li>Otras Disposiciones Relevantes.<\/li>\n<\/ol>\n<\/div>\n\n\n\n<div id=\"topicos-del-imss\" class=\"wp-block-group is-vertical is-layout-flex wp-container-core-group-is-layout-976f80c6 wp-block-group-is-layout-flex\" style=\"margin-top:0;margin-bottom:0;padding-top:0;padding-right:0;padding-bottom:var(--wp--preset--spacing--60);padding-left:0\">\n<h2 class=\"wp-block-heading\">3. T\u00d3PICOS DEL IMSS<\/h2>\n\n\n\n<hr class=\"wp-block-separator has-text-color has-tertiary-color has-alpha-channel-opacity has-tertiary-background-color has-background\"\/>\n\n\n\n<p class=\"has-tertiary-color has-text-color has-link-color wp-elements-0c90ad8f925da37e560c3172ca1cf884\"><a href=\"http:\/\/capfiscalmexico.com.mx\/dip-vsa-ctz-ver\/expositores\/#fmrp\"><strong>MTRO. FRANCISCO MANGLIO RAMOS PONCE<\/strong><\/a><\/p>\n\n\n\n<ol class=\"wp-block-list has-foreground-color has-text-color has-link-color wp-elements-afbf79257d21e43d93c1d6bc9c3083e8\">\n<li>Antecedentes.<\/li>\n\n\n\n<li>Cumplimiento y objetivo de la seguridad social.<\/li>\n\n\n\n<li>Disposiciones en torno al IMSS y reg\u00edmenes de aseguramiento obligatorio y voluntario.<\/li>\n\n\n\n<li>Obligaciones Patronales.\n<ol style=\"list-style-type:lower-alpha\" class=\"wp-block-list\">\n<li>Cumplimiento de las obligaciones afiliatorias por los patrones.<\/li>\n\n\n\n<li>Altas, bajas y modificaciones de salario.<\/li>\n<\/ol>\n<\/li>\n\n\n\n<li>Determinaci\u00f3n del salario base cotizaci\u00f3n como elemento fundamental en el pago de cuotas obreros patronales y otorgamiento de prestaciones en dinero para el trabajado sus beneficiarios en caso de fallecimiento.<\/li>\n\n\n\n<li>Conceptos que integran el SBC y limitantes.\n<ol style=\"list-style-type:lower-alpha\" class=\"wp-block-list\">\n<li>Salario m\u00ednimo general, profesional, fijo, variable, mixto, jornada reducida, semana reducida topado.<\/li>\n\n\n\n<li>Nuevo criterio IMSS en materia de alimentaci\u00f3n y habitaci\u00f3n (325\/2024 del 11 de junio del 2024).<\/li>\n\n\n\n<li>Las vacaciones y su incremento en el SBC por la reforma a la LFT.<\/li>\n\n\n\n<li>El delito de trata de personas en su modalidad de \u201cExplotaci\u00f3n Laboral\u201d por laborar tiempo extraordinario, por jornada excesiva.<\/li>\n\n\n\n<li>Reglas para cotizar ausentismo.<\/li>\n\n\n\n<li>Determinaci\u00f3n y entero de cuotas obrero patronales.<\/li>\n\n\n\n<li>Aclaraciones Administrativas.<\/li>\n\n\n\n<li>Implicaci\u00f3n en la empresa de la autocorrecci\u00f3n patronal.<\/li>\n\n\n\n<li>Documentos a preservar en materia de seguridad social.<\/li>\n\n\n\n<li>Sanciones en materia de seguridad social.<\/li>\n\n\n\n<li>Cedulas de liquidaci\u00f3n de cuotas obrero patronales y la competencia de los titulares de las subdelegaciones del IMSS, para emitir las mismas.<\/li>\n\n\n\n<li>Importancia del Buz\u00f3n IMSS (DOF del 7 de junio del 2024).<\/li>\n\n\n\n<li>La inspecci\u00f3n laboral y su impacto en materia de seguridad social.<\/li>\n<\/ol>\n<\/li>\n\n\n\n<li>Ramas de aseguramiento.<\/li>\n\n\n\n<li>Riesgo de Trabajo\n<ol style=\"list-style-type:lower-alpha\" class=\"wp-block-list\">\n<li>Base legal.<\/li>\n\n\n\n<li>Definiciones.<\/li>\n\n\n\n<li>Principales derechos al trabajador por el riesgo de trabajo.<\/li>\n\n\n\n<li>Prestaciones en especie y en dinero.<\/li>\n\n\n\n<li>Incapacidades, temporal, permanente parcial, reca\u00eddas permanente total.<\/li>\n\n\n\n<li>Fallecimiento a causa del riesgo de trabajo.<\/li>\n\n\n\n<li>El riesgo de trabajo a consecuencia de un acto delincuencial o desaparici\u00f3n forzada y su implicaci\u00f3n social y financiera para la empresa.<\/li>\n\n\n\n<li>Alternativa financiera para la empresa en la desaparici\u00f3n forzada del trabajador derivada de un acto delincuencial en materia de riegos de trabajo.<\/li>\n\n\n\n<li>Pensi\u00f3n de viudez, orfandad, doble orfandad y ascendencia.<\/li>\n\n\n\n<li>Repercusi\u00f3n financiera en la prima de riesgo de trabajo.<\/li>\n\n\n\n<li>Importancia del llenado del formato ST-7 y ST-9.<\/li>\n\n\n\n<li>Controles de incapacidades.<\/li>\n\n\n\n<li>C\u00e1lculo de la siniestralidad laboral.<\/li>\n\n\n\n<li>Principales criterios emitidos en materia de riesgos de trabajo.<\/li>\n<\/ol>\n<\/li>\n\n\n\n<li>Seguro de enfermedades y maternidad.\n<ol style=\"list-style-type:lower-alpha\" class=\"wp-block-list\">\n<li>Prestaciones en especie y en dinero.<\/li>\n\n\n\n<li>Tratamiento de incapacidad por maternidad.<\/li>\n\n\n\n<li>Condicionantes para gozar de las prestaciones del seguro de enfermedades y maternidad.<\/li>\n\n\n\n<li>Reglas para emitir certificados de incapacidad.<\/li>\n\n\n\n<li>Incapacidades por partos prematuros.<\/li>\n\n\n\n<li>Salario base de cotizaci\u00f3n para pago de subsidios IMSS.<\/li>\n<\/ol>\n<\/li>\n\n\n\n<li>Seguro de invalidez y vida.\n<ol style=\"list-style-type:lower-alpha\" class=\"wp-block-list\">\n<li>Riesgos que protege.<\/li>\n\n\n\n<li>Prestaciones en especie y en dinero.<\/li>\n\n\n\n<li>Motivo de suspensi\u00f3n del pago de pensiones por invalidez.<\/li>\n\n\n\n<li>Monto de la pensi\u00f3n y su determinaci\u00f3n.<\/li>\n\n\n\n<li>Monto m\u00ednimo de la pensi\u00f3n de invalidez.<\/li>\n\n\n\n<li>Pensi\u00f3n de viudez y orfandad.<\/li>\n<\/ol>\n<\/li>\n\n\n\n<li>Principales reformas y modificaciones al r\u00e9gimen pensionario.\n<ol style=\"list-style-type:lower-alpha\" class=\"wp-block-list\">\n<li>Reducci\u00f3n de semanas de cotizaci\u00f3n.<\/li>\n\n\n\n<li>Impacto en cuotas patronales.<\/li>\n\n\n\n<li>Pensi\u00f3n garantizada.<\/li>\n<\/ol>\n<\/li>\n\n\n\n<li>Seguro de retiro en edad avanzada y vejez.\n<ol style=\"list-style-type:lower-alpha\" class=\"wp-block-list\">\n<li>Prestaciones en especie.<\/li>\n\n\n\n<li>Prestaciones en dinero.<\/li>\n\n\n\n<li>Monto de la pensi\u00f3n y su determinaci\u00f3n.<\/li>\n\n\n\n<li>Supuestos por los que no se tiene derecho a la pensi\u00f3n por invalidez.<\/li>\n\n\n\n<li>Comprobaci\u00f3n del estado de invalidez por el IMSS.<\/li>\n<\/ol>\n<\/li>\n\n\n\n<li>La importancia del reglamento interior de trabajo en materia de seguridad social.<\/li>\n\n\n\n<li>El IMSS, como autoridad fiscal aut\u00f3noma.\n<ol style=\"list-style-type:lower-alpha\" class=\"wp-block-list\">\n<li>Facultades de comprobaci\u00f3n y de gesti\u00f3n de las autoridades fiscales.<\/li>\n\n\n\n<li>Car\u00e1cter de las cuotas obrero patronales.<\/li>\n\n\n\n<li>Multas IMSS, INFONAVIT.<\/li>\n\n\n\n<li>Capitales constitutivos y \u00bfCu\u00e1ndo se origina?<\/li>\n\n\n\n<li>Los casos m\u00e1s reiterativos por los que el seguro social finca un capital constitutivo.<\/li>\n\n\n\n<li>Las prestaciones conforman el capital constitutivo derivado de un RT y \u00bfC\u00f3mo se cuantifica el monto de este?<\/li>\n\n\n\n<li>Las situaciones de modo, tiempo y lugar deben detallarse en el capital constitutivo para interponer el medio de defensa.<\/li>\n\n\n\n<li>Carta de invitaci\u00f3n a la autocorrecci\u00f3n enviada por el IMSS.<\/li>\n\n\n\n<li>Estrategias para la autocorrecci\u00f3n patronal por incorrecta determinaci\u00f3n del salario base de cotizaci\u00f3n o de prima de riesgo de trabajo.<\/li>\n<\/ol>\n<\/li>\n\n\n\n<li>Buz\u00f3n del IMSS.<\/li>\n\n\n\n<li>Principales medios de defensa en materia de seguridad social.<\/li>\n<\/ol>\n<\/div>\n\n\n\n<div id=\"relaciones-laborales\" class=\"wp-block-group is-vertical is-layout-flex wp-container-core-group-is-layout-976f80c6 wp-block-group-is-layout-flex\" style=\"margin-top:0;margin-bottom:0;padding-top:0;padding-right:0;padding-bottom:var(--wp--preset--spacing--60);padding-left:0\">\n<h2 class=\"wp-block-heading\">4. RELACIONES LABORALES<\/h2>\n\n\n\n<hr class=\"wp-block-separator has-text-color has-tertiary-color has-alpha-channel-opacity has-tertiary-background-color has-background\"\/>\n\n\n\n<p class=\"has-tertiary-color has-text-color has-link-color wp-elements-1e90f7ef12663fcf9b07a50783318060\"><strong><a href=\"http:\/\/capfiscalmexico.com.mx\/dip-vsa-ctz-ver\/expositores\/#gaz\">MTRO. GABRIEL ARANDA ZAMACONA<\/a><\/strong><\/p>\n\n\n\n<ol class=\"wp-block-list has-foreground-color has-text-color has-link-color wp-elements-1bb874276f142b498f1ec46ad59e1617\">\n<li>Formalizaci\u00f3n de la relaci\u00f3n laboral.\n<ol style=\"list-style-type:lower-alpha\" class=\"wp-block-list\">\n<li>Tipos de contratos laborales: duraci\u00f3n, modalidades y requisitos clave.<\/li>\n\n\n\n<li>Integraci\u00f3n adecuada del expediente laboral.<\/li>\n\n\n\n<li>Principales obligaciones patronales en la formalizaci\u00f3n.<\/li>\n<\/ol>\n<\/li>\n\n\n\n<li>Gesti\u00f3n del expediente laboral y protecci\u00f3n de datos personales.\n<ol style=\"list-style-type:lower-alpha\" class=\"wp-block-list\">\n<li>Integraci\u00f3n del expediente laboral: documentaci\u00f3n obligatoria, elementos esenciales y su importancia en juicios laborales.<\/li>\n\n\n\n<li>Competencia para trabajar y competencia para contratar.<\/li>\n\n\n\n<li>Las obligaciones de datos personales y sensibles.<\/li>\n<\/ol>\n<\/li>\n\n\n\n<li>Estrategias de prevenci\u00f3n de demandas laborales en sectores industriales.\n<ol style=\"list-style-type:lower-alpha\" class=\"wp-block-list\">\n<li>Terminaci\u00f3n de la relaci\u00f3n laboral: causas justificadas e injustificadas.<\/li>\n\n\n\n<li>Procedimientos y documentaci\u00f3n clave para la defensa ante conflictos laborales.<\/li>\n<\/ol>\n<\/li>\n\n\n\n<li>T\u00f3picos generales sobre iniciativas laborales.\n<ol style=\"list-style-type:lower-alpha\" class=\"wp-block-list\">\n<li>Nuevo R\u00e9gimen de las personas que trabajan en plataformas digitales.<\/li>\n\n\n\n<li>Reducci\u00f3n de la jornada laboral.<\/li>\n\n\n\n<li>Aguinaldo digno.<\/li>\n\n\n\n<li>Otras iniciativas laborales pendientes.<\/li>\n<\/ol>\n<\/li>\n\n\n\n<li>Inspecciones laborales.<\/li>\n<\/ol>\n<\/div>\n\n\n\n<div id=\"contabilidad-electronica\" class=\"wp-block-group is-vertical is-layout-flex wp-container-core-group-is-layout-976f80c6 wp-block-group-is-layout-flex\" style=\"margin-top:0;margin-bottom:0;padding-top:0;padding-right:0;padding-bottom:var(--wp--preset--spacing--60);padding-left:0\">\n<h2 class=\"wp-block-heading\">5. CONTABILIDAD ELECTR\u00d3NICA<\/h2>\n\n\n\n<p style=\"padding-top:1vh;padding-bottom:1vh\">(PREVENCI\u00d3N DE MULTAS)<\/p>\n\n\n\n<hr class=\"wp-block-separator has-text-color has-tertiary-color has-alpha-channel-opacity has-tertiary-background-color has-background\"\/>\n\n\n\n<p class=\"has-tertiary-color has-text-color has-link-color wp-elements-ab4d93512cd0455905e291b53986be9a\"><strong><a href=\"http:\/\/capfiscalmexico.com.mx\/dip-vsa-ctz-ver\/expositores\/#rtb\" data-type=\"page\" data-id=\"39\">L.C. Y L.I. RUB\u00c9N TORREZ BEN\u00cdTEZ<\/a><\/strong><\/p>\n\n\n\n<ol class=\"wp-block-list has-foreground-color has-text-color has-link-color wp-elements-79eff23140ec3f22e91d5d3ab711f486\">\n<li>Unificar capacidades (Todos los problemas, todos los d\u00edas a toda hora).<\/li>\n\n\n\n<li>Lo que existe presencial se va a digitalizar.<\/li>\n\n\n\n<li>Repositorios y b\u00f3vedas de documentos.<\/li>\n\n\n\n<li>Buzones electr\u00f3nicos y domicilios virtuales.<\/li>\n\n\n\n<li>Llave MX t\u00fa v\u00ednculo con todo.<\/li>\n\n\n\n<li>Identificaci\u00f3n de relaciones ocultas o simuladas.<\/li>\n\n\n\n<li>Diferencia entre comunicaciones electr\u00f3nicas, notificaciones electr\u00f3nicas y revisiones electr\u00f3nicas.<\/li>\n\n\n\n<li>Contestaci\u00f3n a requerimientos electr\u00f3nicos y las formalidades jur\u00eddicas que se deben considerar.<\/li>\n\n\n\n<li>El documento que m\u00e1s datos comunica.<\/li>\n\n\n\n<li>Esquemas de entrenamiento del algoritmo del SAT e IMSS y las nuevas aplicaciones que se van a ofrecer.<\/li>\n\n\n\n<li>Importancia de clasificar los documentos antes de elegir el canal adecuado de env\u00edo.<\/li>\n\n\n\n<li>Tecnolog\u00edas disruptivas aplicadas en modelos predictivos.<\/li>\n\n\n\n<li>Sistema bidireccional para el registro de planteamientos.<\/li>\n\n\n\n<li>Opiniones del cumplimiento.<\/li>\n\n\n\n<li>Detecci\u00f3n de alertas, comprobaci\u00f3n de inconsistencias y liquidaci\u00f3n de sanciones.<\/li>\n\n\n\n<li>Transformaci\u00f3n del servicio en analista de riesgos.<\/li>\n\n\n\n<li>Indicios de fraude, patrones de conducta, o pr\u00e1cticas de evasi\u00f3n organizada.<\/li>\n\n\n\n<li>Implementaci\u00f3n estrat\u00e9gica de TICS para todos los entes.<\/li>\n<\/ol>\n<\/div>\n\n\n\n<div id=\"reformas-a-la-ley-antilavado\" class=\"wp-block-group is-vertical is-layout-flex wp-container-core-group-is-layout-976f80c6 wp-block-group-is-layout-flex\" style=\"margin-top:0;margin-bottom:0;padding-top:0;padding-right:0;padding-bottom:var(--wp--preset--spacing--60);padding-left:0\">\n<h2 class=\"wp-block-heading\">6. REFORMAS A LA LEY ANTILAVADO<\/h2>\n\n\n\n<hr class=\"wp-block-separator has-text-color has-tertiary-color has-alpha-channel-opacity has-tertiary-background-color has-background\"\/>\n\n\n\n<p class=\"has-tertiary-color has-text-color has-link-color wp-elements-1340abad4dcd2ffd9021d44b29ea8516\"><strong><a href=\"http:\/\/capfiscalmexico.com.mx\/dip-vsa-ctz-ver\/expositores\/#jlcs\">MTRO. JUAN LUIS CRUZ SANTOS<\/a><\/strong><\/p>\n\n\n\n<ol class=\"wp-block-list has-foreground-color has-text-color has-link-color wp-elements-e3f52fbe1b2972e7f05aba2647f95478\">\n<li>Definici\u00f3n de salarios.<\/li>\n<\/ol>\n<\/div>\n\n\n\n<div id=\"cfdi\" class=\"wp-block-group is-vertical is-layout-flex wp-container-core-group-is-layout-976f80c6 wp-block-group-is-layout-flex\" style=\"margin-top:0;margin-bottom:0;padding-top:0;padding-right:0;padding-bottom:var(--wp--preset--spacing--60);padding-left:0\">\n<h2 class=\"wp-block-heading\">7. CFDI<\/h2>\n\n\n\n<hr class=\"wp-block-separator has-text-color has-tertiary-color has-alpha-channel-opacity has-tertiary-background-color has-background\"\/>\n\n\n\n<p class=\"has-tertiary-color has-text-color has-link-color wp-elements-8295455899d8903988de4c7cb7db5d49\"><strong><a href=\"http:\/\/capfiscalmexico.com.mx\/dip-vsa-ctz-ver\/expositores\/#pcv\">L.C. PEN\u00c9LOPE CASTRO VALDEZ<\/a><\/strong><\/p>\n\n\n\n<ol class=\"wp-block-list has-foreground-color has-text-color has-link-color wp-elements-42ea5a6c932fcd2e99002d9990979cb5\">\n<li>Tipos de Comprobante fiscal.<\/li>\n\n\n\n<li>Requisitos vinculados a obtenci\u00f3n de est\u00edmulos y tratamientos especiales.\n<ol style=\"list-style-type:lower-alpha\" class=\"wp-block-list\">\n<li>Importancia de los cat\u00e1logos en el CFDI.<\/li>\n\n\n\n<li>Pormenores a considerar dentro del concepto del comprobante.<\/li>\n\n\n\n<li>Ventajas del nodo CFDI relacionado.<\/li>\n\n\n\n<li>Emisi\u00f3n de CFDI por anticipos.<\/li>\n<\/ol>\n<\/li>\n\n\n\n<li>CFDI de egresos.\n<ol style=\"list-style-type:lower-alpha\" class=\"wp-block-list\">\n<li>Requisitos espec\u00edficos al CFDI.<\/li>\n\n\n\n<li>Devoluciones, descuentos y bonificaci\u00f3n.<\/li>\n\n\n\n<li>Otros casos en emisi\u00f3n por egresos y ajustes.<\/li>\n<\/ol>\n<\/li>\n\n\n\n<li>CFDI en operaciones con RFC gen\u00e9ricos.\n<ol style=\"list-style-type:lower-alpha\" class=\"wp-block-list\">\n<li>Factura Global vs Factura por operaci\u00f3n.<\/li>\n\n\n\n<li>Comprobantes simplificados.<\/li>\n\n\n\n<li>Entrega o puesta a disposici\u00f3n de CFDI a clientes.<\/li>\n<\/ol>\n<\/li>\n\n\n\n<li>Principales complementos del CFDI.\n<ol style=\"list-style-type:lower-alpha\" class=\"wp-block-list\">\n<li>Casos de uso.<\/li>\n\n\n\n<li>Requisitos.<\/li>\n<\/ol>\n<\/li>\n\n\n\n<li>Cancelaci\u00f3n de los comprobantes.\n<ol style=\"list-style-type:lower-alpha\" class=\"wp-block-list\">\n<li>Causas de cancelaci\u00f3n.<\/li>\n\n\n\n<li>Plazos de cancelaci\u00f3n.<\/li>\n\n\n\n<li>Aceptaci\u00f3n de receptor.<\/li>\n\n\n\n<li>Cancelaci\u00f3n sin autorizaci\u00f3n.<\/li>\n\n\n\n<li>Consecuencias de no cancelar.<\/li>\n<\/ol>\n<\/li>\n\n\n\n<li>Validaciones del Robot VS. Validaciones del contribuyente.<\/li>\n\n\n\n<li>Vigilancia continua y \u201cProfunda\u201d.<\/li>\n<\/ol>\n<\/div>\n\n\n\n<div id=\"declaracion-anual-de-las-personas-morales\" class=\"wp-block-group is-vertical is-layout-flex wp-container-core-group-is-layout-976f80c6 wp-block-group-is-layout-flex\" style=\"margin-top:0;margin-bottom:0;padding-top:0;padding-right:0;padding-bottom:var(--wp--preset--spacing--60);padding-left:0\">\n<h2 class=\"wp-block-heading\">8. DECLARACI\u00d3N ANUAL DE LAS PERSONAS MORALES<\/h2>\n\n\n\n<hr class=\"wp-block-separator has-text-color has-tertiary-color has-alpha-channel-opacity has-tertiary-background-color has-background\"\/>\n\n\n\n<p class=\"has-tertiary-color has-text-color has-link-color wp-elements-fbbbc8b6903718a2fda645251d1c611c\"><strong><a href=\"http:\/\/capfiscalmexico.com.mx\/dip-vsa-ctz-ver\/expositores\/#egr\">L.C. EMMANUEL GUERRERO ROMERO<\/a><\/strong><\/p>\n\n\n\n<ol class=\"wp-block-list has-foreground-color has-text-color has-link-color wp-elements-5acdfbb4fa2140a70666c420acef1f97\">\n<li>R\u00e9gimen general.\n<ol style=\"list-style-type:lower-alpha\" class=\"wp-block-list\">\n<li>Ingresos.<\/li>\n\n\n\n<li>Gastos.\n<ul class=\"wp-block-list\">\n<li>Salarios, vi\u00e1ticos.<\/li>\n\n\n\n<li>Retenciones.<\/li>\n<\/ul>\n<\/li>\n\n\n\n<li>Deducci\u00f3n de Inversiones.<\/li>\n\n\n\n<li>Costo de ventas.<\/li>\n\n\n\n<li>P\u00e9rdidas fiscales.<\/li>\n\n\n\n<li>PTU.<\/li>\n\n\n\n<li>Coeficiente de utilidad.<\/li>\n\n\n\n<li>Utilidad fiscal.<\/li>\n\n\n\n<li>Recuperaci\u00f3n de siniestros.<\/li>\n\n\n\n<li>Emisi\u00f3n de comprobantes.<\/li>\n\n\n\n<li>Cancelaci\u00f3n de CFDI.<\/li>\n\n\n\n<li>Estados financieros.<\/li>\n\n\n\n<li>CUFIN, CUCA.<\/li>\n\n\n\n<li>Reducci\u00f3n de capital.<\/li>\n\n\n\n<li>Dividendos.<\/li>\n\n\n\n<li>Enajenaci\u00f3n de acciones.<\/li>\n\n\n\n<li>Pagos al extranjero.<\/li>\n<\/ol>\n<\/li>\n\n\n\n<li>RESICOS.\n<ol style=\"list-style-type:lower-alpha\" class=\"wp-block-list\">\n<li>Ingresos.<\/li>\n\n\n\n<li>Gastos.<\/li>\n\n\n\n<li>Anticipos de rendimientos.<\/li>\n\n\n\n<li>Deducci\u00f3n de inversiones.<\/li>\n\n\n\n<li>Emisi\u00f3n del CFDI.<\/li>\n\n\n\n<li>Cancelaci\u00f3n de CFDI.<\/li>\n\n\n\n<li>CUFIN, CUCA.<\/li>\n<\/ol>\n<\/li>\n\n\n\n<li>Visores.<\/li>\n\n\n\n<li>Papeles de trabajo.<\/li>\n<\/ol>\n<\/div>\n\n\n\n<div id=\"declaraci\u00f3n-anual-de-las-personas-fisicas\" class=\"wp-block-group is-vertical is-layout-flex wp-container-core-group-is-layout-976f80c6 wp-block-group-is-layout-flex\" style=\"margin-top:0;margin-bottom:0;padding-top:0;padding-right:0;padding-bottom:var(--wp--preset--spacing--60);padding-left:0\">\n<h2 class=\"wp-block-heading\">9. DECLARACI\u00d3N ANUAL DE LAS PERSONAS F\u00cdSICAS<\/h2>\n\n\n\n<hr class=\"wp-block-separator has-text-color has-tertiary-color has-alpha-channel-opacity has-tertiary-background-color has-background\"\/>\n\n\n\n<p class=\"has-tertiary-color has-text-color has-link-color wp-elements-d080c75c1d1ad73445e266284c725c64\"><strong><a href=\"http:\/\/capfiscalmexico.com.mx\/dip-vsa-ctz-ver\/expositores\/#ilpa\">L.C. IRVING LEV\u00cd P\u00c9REZ AGUILERA<\/a><\/strong><\/p>\n\n\n\n<ol class=\"wp-block-list has-foreground-color has-text-color has-link-color wp-elements-959a1de6156d4dd157bc0bcfc77789f3\">\n<li>Personas f\u00edsicas empresarias.\n<ol style=\"list-style-type:lower-alpha\" class=\"wp-block-list\">\n<li>Disposiciones generales.<\/li>\n\n\n\n<li>Ingresos por actividades empresariales (R\u00e9gimen general).<\/li>\n\n\n\n<li>R\u00e9gimen Simplificado de Confianza.<\/li>\n\n\n\n<li>Ingresos obtenidos en plataformas digitales.<\/li>\n<\/ol>\n<\/li>\n\n\n\n<li>Personas f\u00edsicas no empresarias.\n<ol style=\"list-style-type:lower-alpha\" class=\"wp-block-list\">\n<li>Ingresos por servicios profesionales (Honorarios).<\/li>\n\n\n\n<li>Ingresos por salarios y asimilados a salarios.<\/li>\n\n\n\n<li>Ingresos por el otorgamiento del uso o goce temporal de bienes inmuebles (Casa habitaci\u00f3n y local comercial).<\/li>\n\n\n\n<li>Ingresos por enajenaci\u00f3n de bienes.<\/li>\n\n\n\n<li>Ingresos por adquisici\u00f3n de bienes.<\/li>\n\n\n\n<li>Ingresos por intereses.<\/li>\n\n\n\n<li>Ingresos por premios obtenidos.<\/li>\n\n\n\n<li>Ingresos por dividendos y en general por las ganancias distribuidas por personas morales.<\/li>\n\n\n\n<li>Otros ingresos.<\/li>\n<\/ol>\n<\/li>\n\n\n\n<li>Declaraci\u00f3n anual.\n<ol style=\"list-style-type:lower-alpha\" class=\"wp-block-list\">\n<li>Determinaci\u00f3n del ISR anual con ingresos<\/li>\n\n\n\n<li>de varios capitulos.<\/li>\n\n\n\n<li>Datos informativos obligatorios en la declaraci\u00f3n anual.<\/li>\n\n\n\n<li>Deducciones personales.<\/li>\n\n\n\n<li>Acreditamientos.<\/li>\n\n\n\n<li>Determinaci\u00f3n del ISR anual.<\/li>\n\n\n\n<li>ISR a cargo o a favor en el ejercicio.<\/li>\n\n\n\n<li>Sistema para la presentaci\u00f3n de la declaraci\u00f3n anual (Actualizaci\u00f3n).<\/li>\n<\/ol>\n<\/li>\n\n\n\n<li>Papeles de trabajo.<\/li>\n<\/ol>\n<\/div>\n\n\n\n<div id=\"defensa-fiscal-2025\" class=\"wp-block-group is-vertical is-layout-flex wp-container-core-group-is-layout-976f80c6 wp-block-group-is-layout-flex\" style=\"margin-top:0;margin-bottom:0;padding-top:0;padding-right:0;padding-bottom:var(--wp--preset--spacing--60);padding-left:0\">\n<h2 class=\"wp-block-heading\">10. DEFENSA FISCAL<\/h2>\n\n\n\n<hr class=\"wp-block-separator has-text-color has-tertiary-color has-alpha-channel-opacity has-tertiary-background-color has-background\"\/>\n\n\n\n<p class=\"has-tertiary-color has-text-color has-link-color wp-elements-aaba8450bfa8ebd8c1a1bf275c51961d\"><a href=\"http:\/\/capfiscalmexico.com.mx\/dip-vsa-ctz-ver\/expositores\/#jdg\"><strong>LIC. JOSUE D\u00c1VILA GUTI\u00c9RREZ<\/strong><\/a><\/p>\n\n\n\n<p class=\"has-tertiary-color has-text-color has-link-color wp-elements-78494b41cf7c5231e72b0ca7a880dd28\"><strong>L.D. LUIS FERNANDO CORREA GONZ\u00c1LEZ<\/strong><\/p>\n\n\n\n<ol class=\"wp-block-list has-foreground-color has-text-color has-link-color wp-elements-3c382cbd9d08aae9f21a7e28c59ae2a7\">\n<li>SAT y hacienda del estado.\n<ol style=\"list-style-type:lower-alpha\" class=\"wp-block-list\">\n<li>Ilegalidades en las revisiones de gabinete, revisiones electr\u00f3nicas y vistas domiciliarias.<\/li>\n\n\n\n<li>\u00bfC\u00f3mo atender las revisiones de las autoridades fiscales?<\/li>\n\n\n\n<li>Argumentos para invalidar en tribunales las actuaciones de las autoridades fiscales.<\/li>\n<\/ol>\n<\/li>\n\n\n\n<li>IMSS.\n<ol style=\"list-style-type:lower-alpha\" class=\"wp-block-list\">\n<li>Ilegalidades en los capitales constitutivos por riesgos de trabajo.<\/li>\n\n\n\n<li>Ilegalidades en el cobro de cuotas en asimilados a salarios.<\/li>\n\n\n\n<li>Ilegalidades en diferencias en la industria de la construcci\u00f3n.<\/li>\n<\/ol>\n<\/li>\n\n\n\n<li>Ley federal para la prevenci\u00f3n e identificaci\u00f3n de operaci\u00f3n (Ley Antilavado).\n<ol style=\"list-style-type:lower-alpha\" class=\"wp-block-list\">\n<li>Ilegalidades en las multas por no presentar avisos o presentarlos fuera de los plazos.<\/li>\n\n\n\n<li>Legalidades en las verificaciones de las autoridades.<\/li>\n\n\n\n<li>Avisos en ceros o sin actividades.<\/li>\n<\/ol>\n<\/li>\n\n\n\n<li>Procedimiento administrativo de ejecuci\u00f3n (PAE).\n<ol style=\"list-style-type:lower-alpha\" class=\"wp-block-list\">\n<li>Formas de garantizar el cr\u00e9dito fiscal y prevenir embargos.<\/li>\n\n\n\n<li>Monto de la garant\u00eda.<\/li>\n\n\n\n<li>Embargo a cuentas bancarias y su sustituci\u00f3n.<\/li>\n\n\n\n<li>Prescripci\u00f3n.<\/li>\n<\/ol>\n<\/li>\n<\/ol>\n<\/div>\n<\/div>\n<\/div>\n","protected":false},"excerpt":{"rendered":"<p>1. REFORMAS FISCALES 2026 LIC. ER\u00c9NDIRA RAM\u00cdREZ VIEYRAMTRO. Y C.P. FRANCISCO BRITO M\u00c1RQUEZ 2. RESOLUCI\u00d3N MISCEL\u00c1NEA FISCAL 2026 C.P. Y M.I. MISAEL RU\u00cdZ VIRAMONTES 3. T\u00d3PICOS DEL IMSS MTRO. FRANCISCO MANGLIO RAMOS PONCE 4. RELACIONES LABORALES MTRO. GABRIEL ARANDA ZAMACONA 5. CONTABILIDAD ELECTR\u00d3NICA (PREVENCI\u00d3N DE MULTAS) L.C. Y L.I. RUB\u00c9N TORREZ BEN\u00cdTEZ 6. REFORMAS A [&hellip;]<\/p>\n","protected":false},"author":1,"featured_media":0,"parent":0,"menu_order":0,"comment_status":"closed","ping_status":"closed","template":"","meta":{"footnotes":""},"class_list":["post-49","page","type-page","status-publish","hentry"],"_links":{"self":[{"href":"http:\/\/capfiscalmexico.com.mx\/dip-vsa-ctz-ver\/wp-json\/wp\/v2\/pages\/49","targetHints":{"allow":["GET"]}}],"collection":[{"href":"http:\/\/capfiscalmexico.com.mx\/dip-vsa-ctz-ver\/wp-json\/wp\/v2\/pages"}],"about":[{"href":"http:\/\/capfiscalmexico.com.mx\/dip-vsa-ctz-ver\/wp-json\/wp\/v2\/types\/page"}],"author":[{"embeddable":true,"href":"http:\/\/capfiscalmexico.com.mx\/dip-vsa-ctz-ver\/wp-json\/wp\/v2\/users\/1"}],"replies":[{"embeddable":true,"href":"http:\/\/capfiscalmexico.com.mx\/dip-vsa-ctz-ver\/wp-json\/wp\/v2\/comments?post=49"}],"version-history":[{"count":79,"href":"http:\/\/capfiscalmexico.com.mx\/dip-vsa-ctz-ver\/wp-json\/wp\/v2\/pages\/49\/revisions"}],"predecessor-version":[{"id":228,"href":"http:\/\/capfiscalmexico.com.mx\/dip-vsa-ctz-ver\/wp-json\/wp\/v2\/pages\/49\/revisions\/228"}],"wp:attachment":[{"href":"http:\/\/capfiscalmexico.com.mx\/dip-vsa-ctz-ver\/wp-json\/wp\/v2\/media?parent=49"}],"curies":[{"name":"wp","href":"https:\/\/api.w.org\/{rel}","templated":true}]}}